{"id":1151,"date":"2021-11-29T14:36:37","date_gmt":"2021-11-29T13:36:37","guid":{"rendered":"http:\/\/sitetab3.ac-reims.fr\/clg-nassau\/-wp-\/?page_id=1151"},"modified":"2024-07-12T11:29:59","modified_gmt":"2024-07-12T09:29:59","slug":"conseil-de-vie-collegienne","status":"publish","type":"page","link":"https:\/\/sitetab3.ac-reims.fr\/clg-nassau\/-wp-\/conseil-de-vie-collegienne\/","title":{"rendered":"Vie du Coll\u00e8ge"},"content":{"rendered":"\n<style><\/style><div class=\"wplp_outside wplp_widget_2178\" style=\"max-width:100%;\"><div id=\"wplp_widget_2178\" class=\"wplp_widget_default wplp_container vertical swiper wplp-swiper default cols2\" data-theme=\"default\" data-post=\"2178\" style=\"\" data-max-elts=\"28\" data-per-page=\"10\"><div class=\"wplp_listposts swiper-wrapper\" id=\"default_2178\" style=\"width: 100%;\" ><div class=\"swiper-slide\" style=\"\"><div class=\"insideframe\"><div id=\"wplp_box_top_2178_5114\" class=\"wpcu-front-box top equalHeightImg\" ><div class=\"wplp-box-item\"><a href=\"https:\/\/sitetab3.ac-reims.fr\/clg-nassau\/-wp-\/la-tete-dans-les-etoiles\/\"  class=\"thumbnail\"><span class=\"img_cropper\" style=\"max-width:100%;\"><img decoding=\"async\" src=\"https:\/\/sitetab3.ac-reims.fr\/clg-nassau\/-wp-\/wp-content\/uploads\/La-tete-dans-les-etoiles-2026_page-0001.jpg\" style=\"aspect-ratio:21\/9;\" srcset=\"https:\/\/sitetab3.ac-reims.fr\/clg-nassau\/-wp-\/wp-content\/uploads\/La-tete-dans-les-etoiles-2026_page-0001.jpg 800w, https:\/\/sitetab3.ac-reims.fr\/clg-nassau\/-wp-\/wp-content\/uploads\/La-tete-dans-les-etoiles-2026_page-0001-300x169.jpg 300w, https:\/\/sitetab3.ac-reims.fr\/clg-nassau\/-wp-\/wp-content\/uploads\/La-tete-dans-les-etoiles-2026_page-0001-768x432.jpg 768w\" alt=\"La t\u00eate dans les \u00e9toiles\" class=\"wplp_thumb\" \/><\/span><\/a><a href=\"https:\/\/sitetab3.ac-reims.fr\/clg-nassau\/-wp-\/la-tete-dans-les-etoiles\/\"  class=\"title\">La t\u00eate dans les \u00e9toiles<\/a><\/div><\/div><div id=\"wplp_box_left_2178_5114\" class=\"wpcu-front-box left wpcu-custom-position\" ><div class=\"wplp-box-item\"><\/div><\/div><div id=\"wplp_box_right_2178_5114\" class=\"wpcu-front-box right wpcu-custom-position\" ><div class=\"wplp-box-item\"><\/div><\/div><div id=\"wplp_box_bottom_2178_5114\" class=\"wpcu-front-box bottom \" ><div class=\"wplp-box-item\"><span class=\"date\">5 mars 2026<\/span><span class=\"custom_fields\">\n<!-- WPLP Unknown field: Custom_Fields -->\n<\/span><\/div><\/div><\/div><\/div><div class=\"swiper-slide\" style=\"\"><div class=\"insideframe\"><div id=\"wplp_box_top_2178_5018\" class=\"wpcu-front-box top equalHeightImg\" ><div class=\"wplp-box-item\"><a href=\"https:\/\/sitetab3.ac-reims.fr\/clg-nassau\/-wp-\/collecte-de-livres-et-de-jouets\/\"  class=\"thumbnail\"><span class=\"img_cropper\" style=\"max-width:100%;\"><img decoding=\"async\" src=\"https:\/\/sitetab3.ac-reims.fr\/clg-nassau\/-wp-\/wp-content\/uploads\/2025-26-logo-jouets-1.jpg\" style=\"aspect-ratio:21\/9;\" srcset=\"\" alt=\"COLLECTE DE LIVRES ET DE JOUETS\" class=\"wplp_thumb\" \/><\/span><\/a><a href=\"https:\/\/sitetab3.ac-reims.fr\/clg-nassau\/-wp-\/collecte-de-livres-et-de-jouets\/\"  class=\"title\">COLLECTE DE LIVRES ET DE JOUETS<\/a><\/div><\/div><div id=\"wplp_box_left_2178_5018\" class=\"wpcu-front-box left wpcu-custom-position\" ><div class=\"wplp-box-item\"><\/div><\/div><div id=\"wplp_box_right_2178_5018\" class=\"wpcu-front-box right wpcu-custom-position\" ><div class=\"wplp-box-item\"><\/div><\/div><div id=\"wplp_box_bottom_2178_5018\" class=\"wpcu-front-box bottom \" ><div class=\"wplp-box-item\"><span class=\"date\">3 d\u00e9cembre 2025<\/span><span class=\"custom_fields\">\n<!-- WPLP Unknown field: Custom_Fields -->\n<\/span><\/div><\/div><\/div><\/div><div class=\"swiper-slide\" style=\"\"><div class=\"insideframe\"><div id=\"wplp_box_top_2178_4904\" class=\"wpcu-front-box top equalHeightImg\" ><div class=\"wplp-box-item\"><a href=\"https:\/\/sitetab3.ac-reims.fr\/clg-nassau\/-wp-\/sensibilisation-aux-risques-auditifs\/\"  class=\"thumbnail\"><span class=\"img_cropper\" style=\"max-width:100%;\"><img decoding=\"async\" src=\"https:\/\/sitetab3.ac-reims.fr\/clg-nassau\/-wp-\/wp-content\/uploads\/2020-2021-log-audition.jpg\" style=\"aspect-ratio:21\/9;\" srcset=\"\" alt=\"Sensibilisation aux risques auditifs\" class=\"wplp_thumb\" \/><\/span><\/a><a href=\"https:\/\/sitetab3.ac-reims.fr\/clg-nassau\/-wp-\/sensibilisation-aux-risques-auditifs\/\"  class=\"title\">Sensibilisation aux risques auditifs<\/a><\/div><\/div><div id=\"wplp_box_left_2178_4904\" class=\"wpcu-front-box left wpcu-custom-position\" ><div class=\"wplp-box-item\"><\/div><\/div><div id=\"wplp_box_right_2178_4904\" class=\"wpcu-front-box right wpcu-custom-position\" ><div class=\"wplp-box-item\"><\/div><\/div><div id=\"wplp_box_bottom_2178_4904\" class=\"wpcu-front-box bottom \" ><div class=\"wplp-box-item\"><span class=\"date\">18 mai 2025<\/span><span class=\"custom_fields\">\n<!-- WPLP Unknown field: Custom_Fields -->\n<\/span><\/div><\/div><\/div><\/div><div class=\"swiper-slide\" style=\"\"><div class=\"insideframe\"><div id=\"wplp_box_top_2178_4855\" class=\"wpcu-front-box top equalHeightImg\" ><div class=\"wplp-box-item\"><a href=\"https:\/\/sitetab3.ac-reims.fr\/clg-nassau\/-wp-\/dessin-de-presse\/\"  class=\"thumbnail\"><span class=\"img_cropper\" style=\"max-width:100%;\"><img decoding=\"async\" src=\"https:\/\/sitetab3.ac-reims.fr\/clg-nassau\/-wp-\/wp-content\/uploads\/2024-25-logo-dessinateur.jpg\" style=\"aspect-ratio:21\/9;\" srcset=\"\" alt=\"Dessin de presse\" class=\"wplp_thumb\" \/><\/span><\/a><a href=\"https:\/\/sitetab3.ac-reims.fr\/clg-nassau\/-wp-\/dessin-de-presse\/\"  class=\"title\">Dessin de presse<\/a><\/div><\/div><div id=\"wplp_box_left_2178_4855\" class=\"wpcu-front-box left wpcu-custom-position\" ><div class=\"wplp-box-item\"><\/div><\/div><div id=\"wplp_box_right_2178_4855\" class=\"wpcu-front-box right wpcu-custom-position\" ><div class=\"wplp-box-item\"><\/div><\/div><div id=\"wplp_box_bottom_2178_4855\" class=\"wpcu-front-box bottom \" ><div class=\"wplp-box-item\"><span class=\"date\">4 mai 2025<\/span><span class=\"custom_fields\">\n<!-- WPLP Unknown field: Custom_Fields -->\n<\/span><\/div><\/div><\/div><\/div><div class=\"swiper-slide\" style=\"\"><div class=\"insideframe\"><div id=\"wplp_box_top_2178_4840\" class=\"wpcu-front-box top equalHeightImg\" ><div class=\"wplp-box-item\"><a href=\"https:\/\/sitetab3.ac-reims.fr\/clg-nassau\/-wp-\/menuiserie-et-chaudronnerie\/\"  class=\"thumbnail\"><span class=\"img_cropper\" style=\"max-width:100%;\"><img decoding=\"async\" src=\"https:\/\/sitetab3.ac-reims.fr\/clg-nassau\/-wp-\/wp-content\/uploads\/2024-25-logo-menuiserie.jpg\" style=\"aspect-ratio:21\/9;\" srcset=\"\" alt=\"Menuiserie et Chaudronnerie\" class=\"wplp_thumb\" \/><\/span><\/a><a href=\"https:\/\/sitetab3.ac-reims.fr\/clg-nassau\/-wp-\/menuiserie-et-chaudronnerie\/\"  class=\"title\">Menuiserie et Chaudronnerie<\/a><\/div><\/div><div id=\"wplp_box_left_2178_4840\" class=\"wpcu-front-box left wpcu-custom-position\" ><div class=\"wplp-box-item\"><\/div><\/div><div id=\"wplp_box_right_2178_4840\" class=\"wpcu-front-box right wpcu-custom-position\" ><div class=\"wplp-box-item\"><\/div><\/div><div id=\"wplp_box_bottom_2178_4840\" class=\"wpcu-front-box bottom \" ><div class=\"wplp-box-item\"><span class=\"date\">2 mai 2025<\/span><span class=\"custom_fields\">\n<!-- WPLP Unknown field: Custom_Fields -->\n<\/span><\/div><\/div><\/div><\/div><div class=\"swiper-slide\" style=\"\"><div class=\"insideframe\"><div id=\"wplp_box_top_2178_4834\" class=\"wpcu-front-box top equalHeightImg\" ><div class=\"wplp-box-item\"><a href=\"https:\/\/sitetab3.ac-reims.fr\/clg-nassau\/-wp-\/aix-la-chapelle-2\/\"  class=\"thumbnail\"><span class=\"img_cropper\" style=\"max-width:100%;\"><img decoding=\"async\" src=\"https:\/\/sitetab3.ac-reims.fr\/clg-nassau\/-wp-\/wp-content\/uploads\/2024-25-logo-aix.jpg\" style=\"aspect-ratio:21\/9;\" srcset=\"\" alt=\"Aix La Chapelle\" class=\"wplp_thumb\" \/><\/span><\/a><a href=\"https:\/\/sitetab3.ac-reims.fr\/clg-nassau\/-wp-\/aix-la-chapelle-2\/\"  class=\"title\">Aix La Chapelle<\/a><\/div><\/div><div id=\"wplp_box_left_2178_4834\" class=\"wpcu-front-box left wpcu-custom-position\" ><div class=\"wplp-box-item\"><\/div><\/div><div id=\"wplp_box_right_2178_4834\" class=\"wpcu-front-box right wpcu-custom-position\" ><div class=\"wplp-box-item\"><\/div><\/div><div id=\"wplp_box_bottom_2178_4834\" class=\"wpcu-front-box bottom \" ><div class=\"wplp-box-item\"><span class=\"date\">2 mai 2025<\/span><span class=\"custom_fields\">\n<!-- WPLP Unknown field: Custom_Fields -->\n<\/span><\/div><\/div><\/div><\/div><div class=\"swiper-slide\" style=\"\"><div class=\"insideframe\"><div id=\"wplp_box_top_2178_4828\" class=\"wpcu-front-box top equalHeightImg\" ><div class=\"wplp-box-item\"><a href=\"https:\/\/sitetab3.ac-reims.fr\/clg-nassau\/-wp-\/championnats-departementaux-dathletisme\/\"  class=\"thumbnail\"><span class=\"img_cropper\" style=\"max-width:100%;\"><img decoding=\"async\" src=\"https:\/\/sitetab3.ac-reims.fr\/clg-nassau\/-wp-\/wp-content\/uploads\/2024-25-logo-unss-athle.jpg\" style=\"aspect-ratio:21\/9;\" srcset=\"\" alt=\"Championnats d\u00e9partementaux d&rsquo;athl\u00e9tisme\" class=\"wplp_thumb\" \/><\/span><\/a><a href=\"https:\/\/sitetab3.ac-reims.fr\/clg-nassau\/-wp-\/championnats-departementaux-dathletisme\/\"  class=\"title\">Championnats d\u00e9partementaux d&rsquo;athl\u00e9tisme<\/a><\/div><\/div><div id=\"wplp_box_left_2178_4828\" class=\"wpcu-front-box left wpcu-custom-position\" ><div class=\"wplp-box-item\"><\/div><\/div><div id=\"wplp_box_right_2178_4828\" class=\"wpcu-front-box right wpcu-custom-position\" ><div class=\"wplp-box-item\"><\/div><\/div><div id=\"wplp_box_bottom_2178_4828\" class=\"wpcu-front-box bottom \" ><div class=\"wplp-box-item\"><span class=\"date\">2 mai 2025<\/span><span class=\"custom_fields\">\n<!-- WPLP Unknown field: Custom_Fields -->\n<\/span><\/div><\/div><\/div><\/div><div class=\"swiper-slide\" style=\"\"><div class=\"insideframe\"><div id=\"wplp_box_top_2178_4830\" class=\"wpcu-front-box top equalHeightImg\" ><div class=\"wplp-box-item\"><a href=\"https:\/\/sitetab3.ac-reims.fr\/clg-nassau\/-wp-\/championnat-dacademie-de-football\/\"  class=\"thumbnail\"><span class=\"img_cropper\" style=\"max-width:100%;\"><img decoding=\"async\" src=\"https:\/\/sitetab3.ac-reims.fr\/clg-nassau\/-wp-\/wp-content\/uploads\/2024-25-logo-unss-foot.jpg\" style=\"aspect-ratio:21\/9;\" srcset=\"\" alt=\"Championnat d&rsquo;acad\u00e9mie de Football\" class=\"wplp_thumb\" \/><\/span><\/a><a href=\"https:\/\/sitetab3.ac-reims.fr\/clg-nassau\/-wp-\/championnat-dacademie-de-football\/\"  class=\"title\">Championnat d&rsquo;acad\u00e9mie de Football<\/a><\/div><\/div><div id=\"wplp_box_left_2178_4830\" class=\"wpcu-front-box left wpcu-custom-position\" ><div class=\"wplp-box-item\"><\/div><\/div><div id=\"wplp_box_right_2178_4830\" class=\"wpcu-front-box right wpcu-custom-position\" ><div class=\"wplp-box-item\"><\/div><\/div><div id=\"wplp_box_bottom_2178_4830\" class=\"wpcu-front-box bottom \" ><div class=\"wplp-box-item\"><span class=\"date\">25 mars 2025<\/span><span class=\"custom_fields\">\n<!-- WPLP Unknown field: Custom_Fields -->\n<\/span><\/div><\/div><\/div><\/div><div class=\"swiper-slide\" style=\"\"><div class=\"insideframe\"><div id=\"wplp_box_top_2178_4695\" class=\"wpcu-front-box top equalHeightImg\" ><div class=\"wplp-box-item\"><a href=\"https:\/\/sitetab3.ac-reims.fr\/clg-nassau\/-wp-\/noel-2024\/\"  class=\"thumbnail\"><span class=\"img_cropper\" style=\"max-width:100%;\"><img decoding=\"async\" src=\"https:\/\/sitetab3.ac-reims.fr\/clg-nassau\/-wp-\/wp-content\/uploads\/2023-24-logo-pull.jpg\" style=\"aspect-ratio:21\/9;\" srcset=\"\" alt=\"No\u00ebl 2024\" class=\"wplp_thumb\" \/><\/span><\/a><a href=\"https:\/\/sitetab3.ac-reims.fr\/clg-nassau\/-wp-\/noel-2024\/\"  class=\"title\">No\u00ebl 2024<\/a><\/div><\/div><div id=\"wplp_box_left_2178_4695\" class=\"wpcu-front-box left wpcu-custom-position\" ><div class=\"wplp-box-item\"><\/div><\/div><div id=\"wplp_box_right_2178_4695\" class=\"wpcu-front-box right wpcu-custom-position\" ><div class=\"wplp-box-item\"><\/div><\/div><div id=\"wplp_box_bottom_2178_4695\" class=\"wpcu-front-box bottom \" ><div class=\"wplp-box-item\"><span class=\"date\">19 janvier 2025<\/span><span class=\"custom_fields\">\n<!-- WPLP Unknown field: Custom_Fields -->\n<\/span><\/div><\/div><\/div><\/div><div class=\"swiper-slide\" style=\"\"><div class=\"insideframe\"><div id=\"wplp_box_top_2178_4387\" class=\"wpcu-front-box top equalHeightImg\" ><div class=\"wplp-box-item\"><a href=\"https:\/\/sitetab3.ac-reims.fr\/clg-nassau\/-wp-\/halloween-2024\/\"  class=\"thumbnail\"><span class=\"img_cropper\" style=\"max-width:100%;\"><img decoding=\"async\" src=\"https:\/\/sitetab3.ac-reims.fr\/clg-nassau\/-wp-\/wp-content\/uploads\/2022-23-logarbres.jpg\" style=\"aspect-ratio:21\/9;\" srcset=\"\" alt=\"Halloween 2024\" class=\"wplp_thumb\" \/><\/span><\/a><a href=\"https:\/\/sitetab3.ac-reims.fr\/clg-nassau\/-wp-\/halloween-2024\/\"  class=\"title\">Halloween 2024<\/a><\/div><\/div><div id=\"wplp_box_left_2178_4387\" class=\"wpcu-front-box left wpcu-custom-position\" ><div class=\"wplp-box-item\"><\/div><\/div><div id=\"wplp_box_right_2178_4387\" class=\"wpcu-front-box right wpcu-custom-position\" ><div class=\"wplp-box-item\"><\/div><\/div><div id=\"wplp_box_bottom_2178_4387\" class=\"wpcu-front-box bottom \" ><div class=\"wplp-box-item\"><span class=\"date\">9 novembre 2024<\/span><span class=\"custom_fields\">\n<!-- WPLP Unknown field: Custom_Fields -->\n<\/span><\/div><\/div><\/div><\/div><div class=\"swiper-slide\" style=\"\"><div class=\"insideframe\"><div id=\"wplp_box_top_2178_3841\" class=\"wpcu-front-box top equalHeightImg\" ><div class=\"wplp-box-item\"><a href=\"https:\/\/sitetab3.ac-reims.fr\/clg-nassau\/-wp-\/ecole-ouverte-juillet-2024-journee-nature\/\"  class=\"thumbnail\"><span class=\"img_cropper\" style=\"max-width:100%;\"><img decoding=\"async\" src=\"https:\/\/sitetab3.ac-reims.fr\/clg-nassau\/-wp-\/wp-content\/uploads\/2023-24-logo-Ecole-ouverte.jpg\" style=\"aspect-ratio:21\/9;\" srcset=\"https:\/\/sitetab3.ac-reims.fr\/clg-nassau\/-wp-\/wp-content\/uploads\/2023-24-logo-Ecole-ouverte.jpg 460w, https:\/\/sitetab3.ac-reims.fr\/clg-nassau\/-wp-\/wp-content\/uploads\/2023-24-logo-Ecole-ouverte-300x130.jpg 300w\" alt=\"Ecole ouverte juillet 2024 : journ\u00e9e nature\" class=\"wplp_thumb\" \/><\/span><\/a><a href=\"https:\/\/sitetab3.ac-reims.fr\/clg-nassau\/-wp-\/ecole-ouverte-juillet-2024-journee-nature\/\"  class=\"title\">Ecole ouverte juillet 2024 : journ\u00e9e nature<\/a><\/div><\/div><div id=\"wplp_box_left_2178_3841\" class=\"wpcu-front-box left wpcu-custom-position\" ><div class=\"wplp-box-item\"><\/div><\/div><div id=\"wplp_box_right_2178_3841\" class=\"wpcu-front-box right wpcu-custom-position\" ><div class=\"wplp-box-item\"><\/div><\/div><div id=\"wplp_box_bottom_2178_3841\" class=\"wpcu-front-box bottom \" ><div class=\"wplp-box-item\"><span class=\"date\">10 juillet 2024<\/span><span class=\"custom_fields\">\n<!-- WPLP Unknown field: Custom_Fields -->\n<\/span><\/div><\/div><\/div><\/div><div class=\"swiper-slide\" style=\"\"><div class=\"insideframe\"><div id=\"wplp_box_top_2178_3808\" class=\"wpcu-front-box top equalHeightImg\" ><div class=\"wplp-box-item\"><a href=\"https:\/\/sitetab3.ac-reims.fr\/clg-nassau\/-wp-\/fabrication-deleves\/\"  class=\"thumbnail\"><span class=\"img_cropper\" style=\"max-width:100%;\"><img decoding=\"async\" src=\"https:\/\/sitetab3.ac-reims.fr\/clg-nassau\/-wp-\/wp-content\/uploads\/2023-24-log-fab.jpg\" style=\"aspect-ratio:21\/9;\" srcset=\"https:\/\/sitetab3.ac-reims.fr\/clg-nassau\/-wp-\/wp-content\/uploads\/2023-24-log-fab.jpg 460w, https:\/\/sitetab3.ac-reims.fr\/clg-nassau\/-wp-\/wp-content\/uploads\/2023-24-log-fab-300x130.jpg 300w\" alt=\"Fabrication d&rsquo;\u00e9l\u00e8ves\" class=\"wplp_thumb\" \/><\/span><\/a><a href=\"https:\/\/sitetab3.ac-reims.fr\/clg-nassau\/-wp-\/fabrication-deleves\/\"  class=\"title\">Fabrication d&rsquo;\u00e9l\u00e8ves<\/a><\/div><\/div><div id=\"wplp_box_left_2178_3808\" class=\"wpcu-front-box left wpcu-custom-position\" ><div class=\"wplp-box-item\"><\/div><\/div><div id=\"wplp_box_right_2178_3808\" class=\"wpcu-front-box right wpcu-custom-position\" ><div class=\"wplp-box-item\"><\/div><\/div><div id=\"wplp_box_bottom_2178_3808\" class=\"wpcu-front-box bottom \" ><div class=\"wplp-box-item\"><span class=\"date\">26 juin 2024<\/span><span class=\"custom_fields\">\n<!-- WPLP Unknown field: Custom_Fields -->\n<\/span><\/div><\/div><\/div><\/div><div class=\"swiper-slide\" style=\"\"><div class=\"insideframe\"><div id=\"wplp_box_top_2178_3725\" class=\"wpcu-front-box top equalHeightImg\" ><div class=\"wplp-box-item\"><a href=\"https:\/\/sitetab3.ac-reims.fr\/clg-nassau\/-wp-\/visite-dune-entreprise-4c\/\"  class=\"thumbnail\"><span class=\"img_cropper\" style=\"max-width:100%;\"><img decoding=\"async\" src=\"https:\/\/sitetab3.ac-reims.fr\/clg-nassau\/-wp-\/wp-content\/uploads\/2023-24-log-faber.jpg\" style=\"aspect-ratio:21\/9;\" srcset=\"https:\/\/sitetab3.ac-reims.fr\/clg-nassau\/-wp-\/wp-content\/uploads\/2023-24-log-faber.jpg 460w, https:\/\/sitetab3.ac-reims.fr\/clg-nassau\/-wp-\/wp-content\/uploads\/2023-24-log-faber-300x128.jpg 300w\" alt=\"Visite d&rsquo;une entreprise (4C)\" class=\"wplp_thumb\" \/><\/span><\/a><a href=\"https:\/\/sitetab3.ac-reims.fr\/clg-nassau\/-wp-\/visite-dune-entreprise-4c\/\"  class=\"title\">Visite d&rsquo;une entreprise (4C)<\/a><\/div><\/div><div id=\"wplp_box_left_2178_3725\" class=\"wpcu-front-box left wpcu-custom-position\" ><div class=\"wplp-box-item\"><\/div><\/div><div id=\"wplp_box_right_2178_3725\" class=\"wpcu-front-box right wpcu-custom-position\" ><div class=\"wplp-box-item\"><\/div><\/div><div id=\"wplp_box_bottom_2178_3725\" class=\"wpcu-front-box bottom \" ><div class=\"wplp-box-item\"><span class=\"date\">22 juin 2024<\/span><span class=\"custom_fields\">\n<!-- WPLP Unknown field: Custom_Fields -->\n<\/span><\/div><\/div><\/div><\/div><div class=\"swiper-slide\" style=\"\"><div class=\"insideframe\"><div id=\"wplp_box_top_2178_3715\" class=\"wpcu-front-box top equalHeightImg\" ><div class=\"wplp-box-item\"><a href=\"https:\/\/sitetab3.ac-reims.fr\/clg-nassau\/-wp-\/ceremonie-des-recompenses\/\"  class=\"thumbnail\"><span class=\"img_cropper\" style=\"max-width:100%;\"><img decoding=\"async\" src=\"https:\/\/sitetab3.ac-reims.fr\/clg-nassau\/-wp-\/wp-content\/uploads\/2023-24-log-recompenses.jpg\" style=\"aspect-ratio:21\/9;\" srcset=\"https:\/\/sitetab3.ac-reims.fr\/clg-nassau\/-wp-\/wp-content\/uploads\/2023-24-log-recompenses.jpg 460w, https:\/\/sitetab3.ac-reims.fr\/clg-nassau\/-wp-\/wp-content\/uploads\/2023-24-log-recompenses-300x130.jpg 300w\" alt=\"C\u00e9r\u00e9monie des r\u00e9compenses\" class=\"wplp_thumb\" \/><\/span><\/a><a href=\"https:\/\/sitetab3.ac-reims.fr\/clg-nassau\/-wp-\/ceremonie-des-recompenses\/\"  class=\"title\">C\u00e9r\u00e9monie des r\u00e9compenses<\/a><\/div><\/div><div id=\"wplp_box_left_2178_3715\" class=\"wpcu-front-box left wpcu-custom-position\" ><div class=\"wplp-box-item\"><\/div><\/div><div id=\"wplp_box_right_2178_3715\" class=\"wpcu-front-box right wpcu-custom-position\" ><div class=\"wplp-box-item\"><\/div><\/div><div id=\"wplp_box_bottom_2178_3715\" class=\"wpcu-front-box bottom \" ><div class=\"wplp-box-item\"><span class=\"date\">22 juin 2024<\/span><span class=\"custom_fields\">\n<!-- WPLP Unknown field: Custom_Fields -->\n<\/span><\/div><\/div><\/div><\/div><div class=\"swiper-slide\" style=\"\"><div class=\"insideframe\"><div id=\"wplp_box_top_2178_3586\" class=\"wpcu-front-box top equalHeightImg\" ><div class=\"wplp-box-item\"><a href=\"https:\/\/sitetab3.ac-reims.fr\/clg-nassau\/-wp-\/semaine-de-la-presse\/\"  class=\"thumbnail\"><span class=\"img_cropper\" style=\"max-width:100%;\"><img decoding=\"async\" src=\"https:\/\/sitetab3.ac-reims.fr\/clg-nassau\/-wp-\/wp-content\/uploads\/2023-24-logo-sempress.jpg\" style=\"aspect-ratio:21\/9;\" srcset=\"\" alt=\"Semaine de la presse\" class=\"wplp_thumb\" \/><\/span><\/a><a href=\"https:\/\/sitetab3.ac-reims.fr\/clg-nassau\/-wp-\/semaine-de-la-presse\/\"  class=\"title\">Semaine de la presse<\/a><\/div><\/div><div id=\"wplp_box_left_2178_3586\" class=\"wpcu-front-box left wpcu-custom-position\" ><div class=\"wplp-box-item\"><\/div><\/div><div id=\"wplp_box_right_2178_3586\" class=\"wpcu-front-box right wpcu-custom-position\" ><div class=\"wplp-box-item\"><\/div><\/div><div id=\"wplp_box_bottom_2178_3586\" class=\"wpcu-front-box bottom \" ><div class=\"wplp-box-item\"><span class=\"date\">23 avril 2024<\/span><span class=\"custom_fields\">\n<!-- WPLP Unknown field: Custom_Fields -->\n<\/span><\/div><\/div><\/div><\/div><div class=\"swiper-slide\" style=\"\"><div class=\"insideframe\"><div id=\"wplp_box_top_2178_3520\" class=\"wpcu-front-box top equalHeightImg\" ><div class=\"wplp-box-item\"><a href=\"https:\/\/sitetab3.ac-reims.fr\/clg-nassau\/-wp-\/mangeoires-et-les-hotels-a-insectes\/\"  class=\"thumbnail\"><span class=\"img_cropper\" style=\"max-width:100%;\"><img decoding=\"async\" src=\"https:\/\/sitetab3.ac-reims.fr\/clg-nassau\/-wp-\/wp-content\/uploads\/2023-24-logo-Projet-dvpmt-durable2.jpg\" style=\"aspect-ratio:21\/9;\" srcset=\"\" alt=\"Mangeoires et les h\u00f4tels \u00e0 insectes\" class=\"wplp_thumb\" \/><\/span><\/a><a href=\"https:\/\/sitetab3.ac-reims.fr\/clg-nassau\/-wp-\/mangeoires-et-les-hotels-a-insectes\/\"  class=\"title\">Mangeoires et les h\u00f4tels \u00e0 insectes<\/a><\/div><\/div><div id=\"wplp_box_left_2178_3520\" class=\"wpcu-front-box left wpcu-custom-position\" ><div class=\"wplp-box-item\"><\/div><\/div><div id=\"wplp_box_right_2178_3520\" class=\"wpcu-front-box right wpcu-custom-position\" ><div class=\"wplp-box-item\"><\/div><\/div><div id=\"wplp_box_bottom_2178_3520\" class=\"wpcu-front-box bottom \" ><div class=\"wplp-box-item\"><span class=\"date\">31 mars 2024<\/span><span class=\"custom_fields\">\n<!-- WPLP Unknown field: Custom_Fields -->\n<\/span><\/div><\/div><\/div><\/div><div class=\"swiper-slide\" style=\"\"><div class=\"insideframe\"><div id=\"wplp_box_top_2178_3492\" class=\"wpcu-front-box top equalHeightImg\" ><div class=\"wplp-box-item\"><a href=\"https:\/\/sitetab3.ac-reims.fr\/clg-nassau\/-wp-\/bilan-des-portes-ouvertes\/\"  class=\"thumbnail\"><span class=\"img_cropper\" style=\"max-width:100%;\"><img decoding=\"async\" src=\"https:\/\/sitetab3.ac-reims.fr\/clg-nassau\/-wp-\/wp-content\/uploads\/2023-24-logo-portes-ouvertes2.jpg\" style=\"aspect-ratio:21\/9;\" srcset=\"\" alt=\"Bilan des portes ouvertes\" class=\"wplp_thumb\" \/><\/span><\/a><a href=\"https:\/\/sitetab3.ac-reims.fr\/clg-nassau\/-wp-\/bilan-des-portes-ouvertes\/\"  class=\"title\">Bilan des portes ouvertes<\/a><\/div><\/div><div id=\"wplp_box_left_2178_3492\" class=\"wpcu-front-box left wpcu-custom-position\" ><div class=\"wplp-box-item\"><\/div><\/div><div id=\"wplp_box_right_2178_3492\" class=\"wpcu-front-box right wpcu-custom-position\" ><div class=\"wplp-box-item\"><\/div><\/div><div id=\"wplp_box_bottom_2178_3492\" class=\"wpcu-front-box bottom \" ><div class=\"wplp-box-item\"><span class=\"date\">31 mars 2024<\/span><span class=\"custom_fields\">\n<!-- WPLP Unknown field: Custom_Fields -->\n<\/span><\/div><\/div><\/div><\/div><div class=\"swiper-slide\" style=\"\"><div class=\"insideframe\"><div id=\"wplp_box_top_2178_3467\" class=\"wpcu-front-box top equalHeightImg\" ><div class=\"wplp-box-item\"><a href=\"https:\/\/sitetab3.ac-reims.fr\/clg-nassau\/-wp-\/se-sentir-bien-au-college\/\"  class=\"thumbnail\"><span class=\"img_cropper\" style=\"max-width:100%;\"><img decoding=\"async\" src=\"https:\/\/sitetab3.ac-reims.fr\/clg-nassau\/-wp-\/wp-content\/uploads\/2022-23-log-yoga.jpg\" style=\"aspect-ratio:21\/9;\" srcset=\"\" alt=\"Se sentir bien au coll\u00e8ge !\" class=\"wplp_thumb\" \/><\/span><\/a><a href=\"https:\/\/sitetab3.ac-reims.fr\/clg-nassau\/-wp-\/se-sentir-bien-au-college\/\"  class=\"title\">Se sentir bien au coll\u00e8ge !<\/a><\/div><\/div><div id=\"wplp_box_left_2178_3467\" class=\"wpcu-front-box left wpcu-custom-position\" ><div class=\"wplp-box-item\"><\/div><\/div><div id=\"wplp_box_right_2178_3467\" class=\"wpcu-front-box right wpcu-custom-position\" ><div class=\"wplp-box-item\"><\/div><\/div><div id=\"wplp_box_bottom_2178_3467\" class=\"wpcu-front-box bottom \" ><div class=\"wplp-box-item\"><span class=\"date\">11 mars 2024<\/span><span class=\"custom_fields\">\n<!-- WPLP Unknown field: Custom_Fields -->\n<\/span><\/div><\/div><\/div><\/div><div class=\"swiper-slide\" style=\"\"><div class=\"insideframe\"><div id=\"wplp_box_top_2178_3452\" class=\"wpcu-front-box top equalHeightImg\" ><div class=\"wplp-box-item\"><a href=\"https:\/\/sitetab3.ac-reims.fr\/clg-nassau\/-wp-\/projet-developpement-durable\/\"  class=\"thumbnail\"><span class=\"img_cropper\" style=\"max-width:100%;\"><img decoding=\"async\" src=\"https:\/\/sitetab3.ac-reims.fr\/clg-nassau\/-wp-\/wp-content\/uploads\/2023-24-logo-Projet-dvpmt-durable2-1.jpg\" style=\"aspect-ratio:21\/9;\" srcset=\"\" alt=\"Projet d\u00e9veloppement durable\" class=\"wplp_thumb\" \/><\/span><\/a><a href=\"https:\/\/sitetab3.ac-reims.fr\/clg-nassau\/-wp-\/projet-developpement-durable\/\"  class=\"title\">Projet d\u00e9veloppement durable<\/a><\/div><\/div><div id=\"wplp_box_left_2178_3452\" class=\"wpcu-front-box left wpcu-custom-position\" ><div class=\"wplp-box-item\"><\/div><\/div><div id=\"wplp_box_right_2178_3452\" class=\"wpcu-front-box right wpcu-custom-position\" ><div class=\"wplp-box-item\"><\/div><\/div><div id=\"wplp_box_bottom_2178_3452\" class=\"wpcu-front-box bottom \" ><div class=\"wplp-box-item\"><span class=\"date\">26 f\u00e9vrier 2024<\/span><span class=\"custom_fields\">\n<!-- WPLP Unknown field: Custom_Fields -->\n<\/span><\/div><\/div><\/div><\/div><div class=\"swiper-slide\" style=\"\"><div class=\"insideframe\"><div id=\"wplp_box_top_2178_3434\" class=\"wpcu-front-box top equalHeightImg\" ><div class=\"wplp-box-item\"><a href=\"https:\/\/sitetab3.ac-reims.fr\/clg-nassau\/-wp-\/decouverte-des-metiers-en-4eme\/\"  class=\"thumbnail\"><span class=\"img_cropper\" style=\"max-width:100%;\"><img decoding=\"async\" src=\"https:\/\/sitetab3.ac-reims.fr\/clg-nassau\/-wp-\/wp-content\/uploads\/2023-24-logo-metier.jpg\" style=\"aspect-ratio:21\/9;\" srcset=\"https:\/\/sitetab3.ac-reims.fr\/clg-nassau\/-wp-\/wp-content\/uploads\/2023-24-logo-metier.jpg 500w, https:\/\/sitetab3.ac-reims.fr\/clg-nassau\/-wp-\/wp-content\/uploads\/2023-24-logo-metier-300x60.jpg 300w\" alt=\"D\u00e9couverte des m\u00e9tiers en 4\u00e8me\" class=\"wplp_thumb\" \/><\/span><\/a><a href=\"https:\/\/sitetab3.ac-reims.fr\/clg-nassau\/-wp-\/decouverte-des-metiers-en-4eme\/\"  class=\"title\">D\u00e9couverte des m\u00e9tiers en 4\u00e8me<\/a><\/div><\/div><div id=\"wplp_box_left_2178_3434\" class=\"wpcu-front-box left wpcu-custom-position\" ><div class=\"wplp-box-item\"><\/div><\/div><div id=\"wplp_box_right_2178_3434\" class=\"wpcu-front-box right wpcu-custom-position\" ><div class=\"wplp-box-item\"><\/div><\/div><div id=\"wplp_box_bottom_2178_3434\" class=\"wpcu-front-box bottom \" ><div class=\"wplp-box-item\"><span class=\"date\">19 f\u00e9vrier 2024<\/span><span class=\"custom_fields\">\n<!-- WPLP Unknown field: Custom_Fields -->\n<\/span><\/div><\/div><\/div><\/div><div class=\"swiper-slide\" style=\"\"><div class=\"insideframe\"><div id=\"wplp_box_top_2178_3347\" class=\"wpcu-front-box top equalHeightImg\" ><div class=\"wplp-box-item\"><a href=\"https:\/\/sitetab3.ac-reims.fr\/clg-nassau\/-wp-\/sensibilisation-a-lapiculture\/\"  class=\"thumbnail\"><span class=\"img_cropper\" style=\"max-width:100%;\"><img decoding=\"async\" src=\"https:\/\/sitetab3.ac-reims.fr\/clg-nassau\/-wp-\/wp-content\/uploads\/2023-24-logo-api.jpg\" style=\"aspect-ratio:21\/9;\" srcset=\"\" alt=\"Sensibilisation \u00e0 l&rsquo;apiculture\" class=\"wplp_thumb\" \/><\/span><\/a><a href=\"https:\/\/sitetab3.ac-reims.fr\/clg-nassau\/-wp-\/sensibilisation-a-lapiculture\/\"  class=\"title\">Sensibilisation \u00e0 l&rsquo;apiculture<\/a><\/div><\/div><div id=\"wplp_box_left_2178_3347\" class=\"wpcu-front-box left wpcu-custom-position\" ><div class=\"wplp-box-item\"><\/div><\/div><div id=\"wplp_box_right_2178_3347\" class=\"wpcu-front-box right wpcu-custom-position\" ><div class=\"wplp-box-item\"><\/div><\/div><div id=\"wplp_box_bottom_2178_3347\" class=\"wpcu-front-box bottom \" ><div class=\"wplp-box-item\"><span class=\"date\">22 janvier 2024<\/span><span class=\"custom_fields\">\n<!-- WPLP Unknown field: Custom_Fields -->\n<\/span><\/div><\/div><\/div><\/div><div class=\"swiper-slide\" style=\"\"><div class=\"insideframe\"><div id=\"wplp_box_top_2178_3272\" class=\"wpcu-front-box top equalHeightImg\" ><div class=\"wplp-box-item\"><a href=\"https:\/\/sitetab3.ac-reims.fr\/clg-nassau\/-wp-\/pulls-de-noel\/\"  class=\"thumbnail\"><span class=\"img_cropper\" style=\"max-width:100%;\"><img decoding=\"async\" src=\"https:\/\/sitetab3.ac-reims.fr\/clg-nassau\/-wp-\/wp-content\/uploads\/2023-24-logo-pull.jpg\" style=\"aspect-ratio:21\/9;\" srcset=\"\" alt=\"Pulls de No\u00ebl\" class=\"wplp_thumb\" \/><\/span><\/a><a href=\"https:\/\/sitetab3.ac-reims.fr\/clg-nassau\/-wp-\/pulls-de-noel\/\"  class=\"title\">Pulls de No\u00ebl<\/a><\/div><\/div><div id=\"wplp_box_left_2178_3272\" class=\"wpcu-front-box left wpcu-custom-position\" ><div class=\"wplp-box-item\"><\/div><\/div><div id=\"wplp_box_right_2178_3272\" class=\"wpcu-front-box right wpcu-custom-position\" ><div class=\"wplp-box-item\"><\/div><\/div><div id=\"wplp_box_bottom_2178_3272\" class=\"wpcu-front-box bottom \" ><div class=\"wplp-box-item\"><span class=\"date\">15 janvier 2024<\/span><span class=\"custom_fields\">\n<!-- WPLP Unknown field: Custom_Fields -->\n<\/span><\/div><\/div><\/div><\/div><div class=\"swiper-slide\" style=\"\"><div class=\"insideframe\"><div id=\"wplp_box_top_2178_3201\" class=\"wpcu-front-box top equalHeightImg\" ><div class=\"wplp-box-item\"><a href=\"https:\/\/sitetab3.ac-reims.fr\/clg-nassau\/-wp-\/cartes-de-voeux-eco-responsables\/\"  class=\"thumbnail\"><span class=\"img_cropper\" style=\"max-width:100%;\"><img decoding=\"async\" src=\"https:\/\/sitetab3.ac-reims.fr\/clg-nassau\/-wp-\/wp-content\/uploads\/2023-24-logo-ecodel2.jpg\" style=\"aspect-ratio:21\/9;\" srcset=\"\" alt=\"Cartes de v\u0153ux \u00e9co-responsables\" class=\"wplp_thumb\" \/><\/span><\/a><a href=\"https:\/\/sitetab3.ac-reims.fr\/clg-nassau\/-wp-\/cartes-de-voeux-eco-responsables\/\"  class=\"title\">Cartes de v\u0153ux \u00e9co-responsables<\/a><\/div><\/div><div id=\"wplp_box_left_2178_3201\" class=\"wpcu-front-box left wpcu-custom-position\" ><div class=\"wplp-box-item\"><\/div><\/div><div id=\"wplp_box_right_2178_3201\" class=\"wpcu-front-box right wpcu-custom-position\" ><div class=\"wplp-box-item\"><\/div><\/div><div id=\"wplp_box_bottom_2178_3201\" class=\"wpcu-front-box bottom \" ><div class=\"wplp-box-item\"><span class=\"date\">21 d\u00e9cembre 2023<\/span><span class=\"custom_fields\">\n<!-- WPLP Unknown field: Custom_Fields -->\n<\/span><\/div><\/div><\/div><\/div><div class=\"swiper-slide\" style=\"\"><div class=\"insideframe\"><div id=\"wplp_box_top_2178_3224\" class=\"wpcu-front-box top equalHeightImg\" ><div class=\"wplp-box-item\"><a href=\"https:\/\/sitetab3.ac-reims.fr\/clg-nassau\/-wp-\/fleurissement-du-college\/\"  class=\"thumbnail\"><span class=\"img_cropper\" style=\"max-width:100%;\"><img decoding=\"async\" src=\"https:\/\/sitetab3.ac-reims.fr\/clg-nassau\/-wp-\/wp-content\/uploads\/2023-24-logo-ecodel2.jpg\" style=\"aspect-ratio:21\/9;\" srcset=\"\" alt=\"Fleurissement du coll\u00e8ge\" class=\"wplp_thumb\" \/><\/span><\/a><a href=\"https:\/\/sitetab3.ac-reims.fr\/clg-nassau\/-wp-\/fleurissement-du-college\/\"  class=\"title\">Fleurissement du coll\u00e8ge<\/a><\/div><\/div><div id=\"wplp_box_left_2178_3224\" class=\"wpcu-front-box left wpcu-custom-position\" ><div class=\"wplp-box-item\"><\/div><\/div><div id=\"wplp_box_right_2178_3224\" class=\"wpcu-front-box right wpcu-custom-position\" ><div class=\"wplp-box-item\"><\/div><\/div><div id=\"wplp_box_bottom_2178_3224\" class=\"wpcu-front-box bottom \" ><div class=\"wplp-box-item\"><span class=\"date\">14 d\u00e9cembre 2023<\/span><span class=\"custom_fields\">\n<!-- WPLP Unknown field: Custom_Fields -->\n<\/span><\/div><\/div><\/div><\/div><div class=\"swiper-slide\" style=\"\"><div class=\"insideframe\"><div id=\"wplp_box_top_2178_3151\" class=\"wpcu-front-box top equalHeightImg\" ><div class=\"wplp-box-item\"><a href=\"https:\/\/sitetab3.ac-reims.fr\/clg-nassau\/-wp-\/harcelement-2\/\"  class=\"thumbnail\"><span class=\"img_cropper\" style=\"max-width:100%;\"><img decoding=\"async\" src=\"https:\/\/sitetab3.ac-reims.fr\/clg-nassau\/-wp-\/wp-content\/uploads\/2023-24-logo-harcelement2.jpg\" style=\"aspect-ratio:21\/9;\" srcset=\"\" alt=\"Harc\u00e8lement\" class=\"wplp_thumb\" \/><\/span><\/a><a href=\"https:\/\/sitetab3.ac-reims.fr\/clg-nassau\/-wp-\/harcelement-2\/\"  class=\"title\">Harc\u00e8lement<\/a><\/div><\/div><div id=\"wplp_box_left_2178_3151\" class=\"wpcu-front-box left wpcu-custom-position\" ><div class=\"wplp-box-item\"><\/div><\/div><div id=\"wplp_box_right_2178_3151\" class=\"wpcu-front-box right wpcu-custom-position\" ><div class=\"wplp-box-item\"><\/div><\/div><div id=\"wplp_box_bottom_2178_3151\" class=\"wpcu-front-box bottom \" ><div class=\"wplp-box-item\"><span class=\"date\">2 d\u00e9cembre 2023<\/span><span class=\"custom_fields\">\n<!-- WPLP Unknown field: Custom_Fields -->\n<\/span><\/div><\/div><\/div><\/div><div class=\"swiper-slide\" style=\"\"><div class=\"insideframe\"><div id=\"wplp_box_top_2178_3067\" class=\"wpcu-front-box top equalHeightImg\" ><div class=\"wplp-box-item\"><a href=\"https:\/\/sitetab3.ac-reims.fr\/clg-nassau\/-wp-\/ceremonie-de-remise-des-diplomes\/\"  class=\"thumbnail\"><span class=\"img_cropper\" style=\"max-width:100%;\"><img decoding=\"async\" src=\"https:\/\/sitetab3.ac-reims.fr\/clg-nassau\/-wp-\/wp-content\/uploads\/2023-24-logo-dip-brevet.jpg\" style=\"aspect-ratio:21\/9;\" srcset=\"\" alt=\"C\u00e9r\u00e9monie de remise des dipl\u00f4mes\" class=\"wplp_thumb\" \/><\/span><\/a><a href=\"https:\/\/sitetab3.ac-reims.fr\/clg-nassau\/-wp-\/ceremonie-de-remise-des-diplomes\/\"  class=\"title\">C\u00e9r\u00e9monie de remise des dipl\u00f4mes<\/a><\/div><\/div><div id=\"wplp_box_left_2178_3067\" class=\"wpcu-front-box left wpcu-custom-position\" ><div class=\"wplp-box-item\"><\/div><\/div><div id=\"wplp_box_right_2178_3067\" class=\"wpcu-front-box right wpcu-custom-position\" ><div class=\"wplp-box-item\"><\/div><\/div><div id=\"wplp_box_bottom_2178_3067\" class=\"wpcu-front-box bottom \" ><div class=\"wplp-box-item\"><span class=\"date\">18 novembre 2023<\/span><span class=\"custom_fields\">\n<!-- WPLP Unknown field: Custom_Fields -->\n<\/span><\/div><\/div><\/div><\/div><div class=\"swiper-slide\" style=\"\"><div class=\"insideframe\"><div id=\"wplp_box_top_2178_2107\" class=\"wpcu-front-box top equalHeightImg\" ><div class=\"wplp-box-item\"><a href=\"https:\/\/sitetab3.ac-reims.fr\/clg-nassau\/-wp-\/les-arbres-aux-couleurs-dhalloween\/\"  class=\"thumbnail\"><span class=\"img_cropper\" style=\"max-width:100%;\"><img decoding=\"async\" src=\"https:\/\/sitetab3.ac-reims.fr\/clg-nassau\/-wp-\/wp-content\/uploads\/2022-23-logarbres.jpg\" style=\"aspect-ratio:21\/9;\" srcset=\"\" alt=\"Les arbres aux couleurs d&rsquo;Halloween\" class=\"wplp_thumb\" \/><\/span><\/a><a href=\"https:\/\/sitetab3.ac-reims.fr\/clg-nassau\/-wp-\/les-arbres-aux-couleurs-dhalloween\/\"  class=\"title\">Les arbres aux couleurs d&rsquo;Halloween<\/a><\/div><\/div><div id=\"wplp_box_left_2178_2107\" class=\"wpcu-front-box left wpcu-custom-position\" ><div class=\"wplp-box-item\"><\/div><\/div><div id=\"wplp_box_right_2178_2107\" class=\"wpcu-front-box right wpcu-custom-position\" ><div class=\"wplp-box-item\"><\/div><\/div><div id=\"wplp_box_bottom_2178_2107\" class=\"wpcu-front-box bottom \" ><div class=\"wplp-box-item\"><span class=\"date\">19 octobre 2022<\/span><span class=\"custom_fields\">\n<!-- WPLP Unknown field: Custom_Fields -->\n<\/span><\/div><\/div><\/div><\/div><div class=\"swiper-slide\" style=\"\"><div class=\"insideframe\"><div id=\"wplp_box_top_2178_2005\" class=\"wpcu-front-box top equalHeightImg\" ><div class=\"wplp-box-item\"><a href=\"https:\/\/sitetab3.ac-reims.fr\/clg-nassau\/-wp-\/integration-6e\/\"  class=\"thumbnail\"><span class=\"img_cropper\" style=\"max-width:100%;\"><img decoding=\"async\" src=\"https:\/\/sitetab3.ac-reims.fr\/clg-nassau\/-wp-\/wp-content\/uploads\/2022-23-log-chap.jpg\" style=\"aspect-ratio:21\/9;\" srcset=\"\" alt=\"Int\u00e9gration 6e\" class=\"wplp_thumb\" \/><\/span><\/a><a href=\"https:\/\/sitetab3.ac-reims.fr\/clg-nassau\/-wp-\/integration-6e\/\"  class=\"title\">Int\u00e9gration 6e<\/a><\/div><\/div><div id=\"wplp_box_left_2178_2005\" class=\"wpcu-front-box left wpcu-custom-position\" ><div class=\"wplp-box-item\"><\/div><\/div><div id=\"wplp_box_right_2178_2005\" class=\"wpcu-front-box right wpcu-custom-position\" ><div class=\"wplp-box-item\"><\/div><\/div><div id=\"wplp_box_bottom_2178_2005\" class=\"wpcu-front-box bottom \" ><div class=\"wplp-box-item\"><span class=\"date\">19 octobre 2022<\/span><span class=\"custom_fields\">\n<!-- WPLP Unknown field: Custom_Fields -->\n<\/span><\/div><\/div><\/div><\/div><\/div><div class=\"swiper-button-next\"><\/div><div class=\"swiper-button-prev\"><\/div><div class=\"swiper-pagination\"><\/div><\/div><\/div>\n\n\n\n<p><\/p>\n","protected":false},"excerpt":{"rendered":"","protected":false},"author":1,"featured_media":0,"parent":0,"menu_order":0,"comment_status":"closed","ping_status":"closed","template":"","meta":{"ngg_post_thumbnail":0,"footnotes":""},"_links":{"self":[{"href":"https:\/\/sitetab3.ac-reims.fr\/clg-nassau\/-wp-\/wp-json\/wp\/v2\/pages\/1151"}],"collection":[{"href":"https:\/\/sitetab3.ac-reims.fr\/clg-nassau\/-wp-\/wp-json\/wp\/v2\/pages"}],"about":[{"href":"https:\/\/sitetab3.ac-reims.fr\/clg-nassau\/-wp-\/wp-json\/wp\/v2\/types\/page"}],"author":[{"embeddable":true,"href":"https:\/\/sitetab3.ac-reims.fr\/clg-nassau\/-wp-\/wp-json\/wp\/v2\/users\/1"}],"replies":[{"embeddable":true,"href":"https:\/\/sitetab3.ac-reims.fr\/clg-nassau\/-wp-\/wp-json\/wp\/v2\/comments?post=1151"}],"version-history":[{"count":10,"href":"https:\/\/sitetab3.ac-reims.fr\/clg-nassau\/-wp-\/wp-json\/wp\/v2\/pages\/1151\/revisions"}],"predecessor-version":[{"id":3939,"href":"https:\/\/sitetab3.ac-reims.fr\/clg-nassau\/-wp-\/wp-json\/wp\/v2\/pages\/1151\/revisions\/3939"}],"wp:attachment":[{"href":"https:\/\/sitetab3.ac-reims.fr\/clg-nassau\/-wp-\/wp-json\/wp\/v2\/media?parent=1151"}],"curies":[{"name":"wp","href":"https:\/\/api.w.org\/{rel}","templated":true}]}}