{"id":1198,"date":"2021-11-17T15:13:59","date_gmt":"2021-11-17T14:13:59","guid":{"rendered":"http:\/\/sitetab3.ac-reims.fr\/lp-emile-baudot\/-wp-\/?page_id=1198"},"modified":"2021-11-17T15:27:31","modified_gmt":"2021-11-17T14:27:31","slug":"eco-lycee-2015-2016","status":"publish","type":"page","link":"https:\/\/sitetab3.ac-reims.fr\/lp-emile-baudot\/-wp-\/eco-lycee-2015-2016\/","title":{"rendered":"Eco lyc\u00e9e 2015-2016"},"content":{"rendered":"<hr>\n<p><a href=\"http:\/\/sitetab3.ac-reims.fr\/lp-emile-baudot\/-wp-\/wp-content\/uploads\/triangle_bleu.png\"><img loading=\"lazy\" decoding=\"async\" class=\"alignnone size-full wp-image-1016\" src=\"http:\/\/sitetab3.ac-reims.fr\/lp-emile-baudot\/-wp-\/wp-content\/uploads\/triangle_bleu.png\" alt=\"\" width=\"10\" height=\"16\"><\/a>&nbsp;<a href=\"http:\/\/sitetab3.ac-reims.fr\/lp-emile-baudot\/-wp-\/28-04-1-cap-as-en-tp-a-chalons\/\"><strong>Actions men\u00e9es en 2015-2016<\/strong><\/a><\/p>\n<p><a href=\"http:\/\/sitetab3.ac-reims.fr\/lp-emile-baudot\/-wp-\/wp-content\/uploads\/arton386-7f344.png\"><img loading=\"lazy\" decoding=\"async\" class=\"flotte2 wp-image-1192\" src=\"http:\/\/sitetab3.ac-reims.fr\/lp-emile-baudot\/-wp-\/wp-content\/uploads\/arton386-7f344.png\" alt=\"\" width=\"56\" height=\"68\"><\/a><\/p>\n<p>Th\u00e8me de la solidarit\u00e9 en 2015-2016<br \/>\nLes actions men\u00e9es sont en pi\u00e8ce jointe.<\/p>\n<p>&nbsp;<\/p>\n<hr>\n<p><a href=\"http:\/\/sitetab3.ac-reims.fr\/lp-emile-baudot\/-wp-\/wp-content\/uploads\/triangle_bleu.png\"><img loading=\"lazy\" decoding=\"async\" class=\"alignnone size-full wp-image-1016\" src=\"http:\/\/sitetab3.ac-reims.fr\/lp-emile-baudot\/-wp-\/wp-content\/uploads\/triangle_bleu.png\" alt=\"\" width=\"10\" height=\"16\"><\/a>&nbsp;<a href=\"http:\/\/sitetab3.ac-reims.fr\/lp-emile-baudot\/-wp-\/label-eco-lycee2\/\"><strong>Label Eco Lyc\u00e9e<\/strong><\/a><\/p>\n<p><a href=\"http:\/\/sitetab3.ac-reims.fr\/lp-emile-baudot\/-wp-\/wp-content\/uploads\/arton386-7f344.png\"><img loading=\"lazy\" decoding=\"async\" class=\"alignnone wp-image-1192\" src=\"http:\/\/sitetab3.ac-reims.fr\/lp-emile-baudot\/-wp-\/wp-content\/uploads\/arton386-7f344.png\" alt=\"\" width=\"55\" height=\"67\"><\/a>&nbsp;&#8230;<\/p>\n","protected":false},"excerpt":{"rendered":"<p>&nbsp;Actions men\u00e9es en 2015-2016 Th\u00e8me de la solidarit\u00e9 en 2015-2016 Les actions men\u00e9es sont en pi\u00e8ce jointe. &nbsp; &nbsp;Label Eco Lyc\u00e9e &nbsp;&#8230;<\/p>\n","protected":false},"author":1,"featured_media":0,"parent":0,"menu_order":0,"comment_status":"closed","ping_status":"closed","template":"","meta":{"ngg_post_thumbnail":0,"footnotes":""},"_links":{"self":[{"href":"https:\/\/sitetab3.ac-reims.fr\/lp-emile-baudot\/-wp-\/wp-json\/wp\/v2\/pages\/1198"}],"collection":[{"href":"https:\/\/sitetab3.ac-reims.fr\/lp-emile-baudot\/-wp-\/wp-json\/wp\/v2\/pages"}],"about":[{"href":"https:\/\/sitetab3.ac-reims.fr\/lp-emile-baudot\/-wp-\/wp-json\/wp\/v2\/types\/page"}],"author":[{"embeddable":true,"href":"https:\/\/sitetab3.ac-reims.fr\/lp-emile-baudot\/-wp-\/wp-json\/wp\/v2\/users\/1"}],"replies":[{"embeddable":true,"href":"https:\/\/sitetab3.ac-reims.fr\/lp-emile-baudot\/-wp-\/wp-json\/wp\/v2\/comments?post=1198"}],"version-history":[{"count":6,"href":"https:\/\/sitetab3.ac-reims.fr\/lp-emile-baudot\/-wp-\/wp-json\/wp\/v2\/pages\/1198\/revisions"}],"predecessor-version":[{"id":1206,"href":"https:\/\/sitetab3.ac-reims.fr\/lp-emile-baudot\/-wp-\/wp-json\/wp\/v2\/pages\/1198\/revisions\/1206"}],"wp:attachment":[{"href":"https:\/\/sitetab3.ac-reims.fr\/lp-emile-baudot\/-wp-\/wp-json\/wp\/v2\/media?parent=1198"}],"curies":[{"name":"wp","href":"https:\/\/api.w.org\/{rel}","templated":true}]}}