{"id":1244,"date":"2021-11-17T16:24:35","date_gmt":"2021-11-17T15:24:35","guid":{"rendered":"http:\/\/sitetab3.ac-reims.fr\/lp-emile-baudot\/-wp-\/?page_id=1244"},"modified":"2024-01-15T11:40:49","modified_gmt":"2024-01-15T10:40:49","slug":"articles-de-presse-2013-2014","status":"publish","type":"page","link":"https:\/\/sitetab3.ac-reims.fr\/lp-emile-baudot\/-wp-\/articles-de-presse\/archives\/articles-de-presse-2013-2014\/","title":{"rendered":"Articles de presse 2013-2014"},"content":{"rendered":"<hr>\n<p><a href=\"http:\/\/sitetab3.ac-reims.fr\/lp-emile-baudot\/-wp-\/wp-content\/uploads\/triangle_bleu.png\"><img loading=\"lazy\" decoding=\"async\" class=\"alignnone size-full wp-image-1016\" src=\"http:\/\/sitetab3.ac-reims.fr\/lp-emile-baudot\/-wp-\/wp-content\/uploads\/triangle_bleu.png\" alt=\"\" width=\"10\" height=\"16\"><\/a>&nbsp;<a href=\"http:\/\/sitetab3.ac-reims.fr\/lp-emile-baudot\/-wp-\/partenariats-professionnels220\/\"><strong>Revue de presse : partenariats professionnels 2013-2014<\/strong><\/a><\/p>\n<p><a href=\"http:\/\/sitetab3.ac-reims.fr\/lp-emile-baudot\/-wp-\/wp-content\/uploads\/arton220-1d228.jpg\"><img loading=\"lazy\" decoding=\"async\" class=\"flotte2 wp-image-1250\" src=\"http:\/\/sitetab3.ac-reims.fr\/lp-emile-baudot\/-wp-\/wp-content\/uploads\/arton220-1d228.jpg\" alt=\"\" width=\"65\" height=\"45\"><\/a><\/p>\n<p>&nbsp;Cette rubrique concerne toutes les actions li\u00e9es au lyc\u00e9e des m\u00e9tiers et aux partenariats professionnels<\/p>\n<hr>\n<p><a href=\"http:\/\/sitetab3.ac-reims.fr\/lp-emile-baudot\/-wp-\/wp-content\/uploads\/triangle_bleu.png\"><img loading=\"lazy\" decoding=\"async\" class=\"alignnone size-full wp-image-1016\" src=\"http:\/\/sitetab3.ac-reims.fr\/lp-emile-baudot\/-wp-\/wp-content\/uploads\/triangle_bleu.png\" alt=\"\" width=\"10\" height=\"16\"><\/a>&nbsp;<a href=\"http:\/\/sitetab3.ac-reims.fr\/lp-emile-baudot\/-wp-\/vie-de-l-etablissement219\/\"><strong>Revue de presse : vie de l\u2019\u00e9tablissement 2013-2014<\/strong><\/a><\/p>\n<p><a href=\"http:\/\/sitetab3.ac-reims.fr\/lp-emile-baudot\/-wp-\/wp-content\/uploads\/arton220-1d228.jpg\"><img loading=\"lazy\" decoding=\"async\" class=\"flotte2 wp-image-1250\" src=\"http:\/\/sitetab3.ac-reims.fr\/lp-emile-baudot\/-wp-\/wp-content\/uploads\/arton220-1d228.jpg\" alt=\"\" width=\"64\" height=\"44\"><\/a><\/p>\n<p>&nbsp;Cette rubrique regroupe les articles qui concernent la vie de l\u2019\u00e9tablissement, la politique culturelle et les actions d\u2019enseignement g\u00e9n\u00e9ral.<\/p>\n<hr>\n<p><a href=\"http:\/\/sitetab3.ac-reims.fr\/lp-emile-baudot\/-wp-\/wp-content\/uploads\/triangle_bleu.png\"><img loading=\"lazy\" decoding=\"async\" class=\"alignnone size-full wp-image-1016\" src=\"http:\/\/sitetab3.ac-reims.fr\/lp-emile-baudot\/-wp-\/wp-content\/uploads\/triangle_bleu.png\" alt=\"\" width=\"10\" height=\"16\"><\/a>&nbsp;<a href=\"http:\/\/sitetab3.ac-reims.fr\/lp-emile-baudot\/-wp-\/inauguuration-lycee-des-metiers\/\"><strong>Inauguration Lyc\u00e9e des M\u00e9tiers de la S\u00e9curit\u00e9<\/strong><\/a><\/p>\n<p><a href=\"http:\/\/sitetab3.ac-reims.fr\/lp-emile-baudot\/-wp-\/wp-content\/uploads\/arton208-360ec.png\"><img loading=\"lazy\" decoding=\"async\" class=\"flotte2 wp-image-1034\" src=\"http:\/\/sitetab3.ac-reims.fr\/lp-emile-baudot\/-wp-\/wp-content\/uploads\/arton208-360ec.png\" alt=\"\" width=\"64\" height=\"44\"><\/a><\/p>\n<p>&nbsp;Journ\u00e9e du 04 avril 2014<\/p>\n","protected":false},"excerpt":{"rendered":"<p>&nbsp;Revue de presse : partenariats professionnels 2013-2014 &nbsp;Cette rubrique concerne toutes les actions li\u00e9es au lyc\u00e9e des m\u00e9tiers et aux partenariats professionnels &nbsp;Revue de presse : vie de l\u2019\u00e9tablissement 2013-2014 &nbsp;Cette rubrique regroupe les articles qui concernent la vie de l\u2019\u00e9tablissement, la politique culturelle et les actions d\u2019enseignement g\u00e9n\u00e9ral. &nbsp;Inauguration Lyc\u00e9e des M\u00e9tiers de la [&hellip;]<\/p>\n","protected":false},"author":1,"featured_media":0,"parent":1620,"menu_order":0,"comment_status":"closed","ping_status":"closed","template":"","meta":{"ngg_post_thumbnail":0,"footnotes":""},"_links":{"self":[{"href":"https:\/\/sitetab3.ac-reims.fr\/lp-emile-baudot\/-wp-\/wp-json\/wp\/v2\/pages\/1244"}],"collection":[{"href":"https:\/\/sitetab3.ac-reims.fr\/lp-emile-baudot\/-wp-\/wp-json\/wp\/v2\/pages"}],"about":[{"href":"https:\/\/sitetab3.ac-reims.fr\/lp-emile-baudot\/-wp-\/wp-json\/wp\/v2\/types\/page"}],"author":[{"embeddable":true,"href":"https:\/\/sitetab3.ac-reims.fr\/lp-emile-baudot\/-wp-\/wp-json\/wp\/v2\/users\/1"}],"replies":[{"embeddable":true,"href":"https:\/\/sitetab3.ac-reims.fr\/lp-emile-baudot\/-wp-\/wp-json\/wp\/v2\/comments?post=1244"}],"version-history":[{"count":8,"href":"https:\/\/sitetab3.ac-reims.fr\/lp-emile-baudot\/-wp-\/wp-json\/wp\/v2\/pages\/1244\/revisions"}],"predecessor-version":[{"id":1255,"href":"https:\/\/sitetab3.ac-reims.fr\/lp-emile-baudot\/-wp-\/wp-json\/wp\/v2\/pages\/1244\/revisions\/1255"}],"up":[{"embeddable":true,"href":"https:\/\/sitetab3.ac-reims.fr\/lp-emile-baudot\/-wp-\/wp-json\/wp\/v2\/pages\/1620"}],"wp:attachment":[{"href":"https:\/\/sitetab3.ac-reims.fr\/lp-emile-baudot\/-wp-\/wp-json\/wp\/v2\/media?parent=1244"}],"curies":[{"name":"wp","href":"https:\/\/api.w.org\/{rel}","templated":true}]}}