{"id":1679,"date":"2024-01-15T12:27:01","date_gmt":"2024-01-15T11:27:01","guid":{"rendered":"https:\/\/sitetab3.ac-reims.fr\/lp-emile-baudot\/-wp-\/?page_id=1679"},"modified":"2025-04-29T15:49:18","modified_gmt":"2025-04-29T13:49:18","slug":"articles-de-presse-2023-2024","status":"publish","type":"page","link":"https:\/\/sitetab3.ac-reims.fr\/lp-emile-baudot\/-wp-\/articles-de-presse\/articles-de-presse-2023-2024\/","title":{"rendered":"Articles de presse : 2023-2024"},"content":{"rendered":"\n<h3 class=\"wp-block-heading\">Juillet 2024<\/h3>\n\n\n\n<ul><li><a href=\"http:\/\/sitetab3.ac-reims.fr\/lp-emile-baudot\/-wp-\/wp-content\/uploads\/Soiree-partenariale.pdf\" target=\"_blank\" rel=\"noreferrer noopener\">Soir\u00e9e partenariale au LP Emile Baudot<\/a><\/li><\/ul>\n\n\n\n<h3 class=\"wp-block-heading\">Juin 2024<\/h3>\n\n\n\n<ul><li><a href=\"http:\/\/sitetab3.ac-reims.fr\/lp-emile-baudot\/-wp-\/wp-content\/uploads\/Malte.pdf\" target=\"_blank\" rel=\"noreferrer noopener\">Six \u00e9l\u00e8ves de 1BPMCV en PFMP mobilit\u00e9 \u00e0 Malte<\/a><\/li><li><a rel=\"noreferrer noopener\" href=\"http:\/\/sitetab3.ac-reims.fr\/lp-emile-baudot\/-wp-\/wp-content\/uploads\/Vendredi-7-juin.pdf\" target=\"_blank\">Vendredi 7 juin : Apr\u00e8s-midi festif au lyc\u00e9e Emile Baudot<\/a><\/li><li><a rel=\"noreferrer noopener\" href=\"http:\/\/sitetab3.ac-reims.fr\/lp-emile-baudot\/-wp-\/wp-content\/uploads\/Ravivage-flamme-soldat-inconnu.pdf\" target=\"_blank\">Les \u00e9l\u00e8ves de la classe engag\u00e9e (2 BPMS) et de T ATMFC en sortie \u00e0 Paris : ravivage de la flamme sur la tombe du soldat inconnu<\/a><\/li><\/ul>\n\n\n\n<h3 class=\"wp-block-heading\">Avril 2024<\/h3>\n\n\n\n<ul><li><a href=\"http:\/\/sitetab3.ac-reims.fr\/lp-emile-baudot\/-wp-\/wp-content\/uploads\/Fabienne-Swiatly-dimanche-28-avril.pdf\" target=\"_blank\" rel=\"noreferrer noopener\">Les \u00e9l\u00e8ves de 1\u00e8res CAP ont rencontr\u00e9 l&rsquo;autrice Fabienne Swiatly autour de son roman <em>Sa\u00efd<\/em><\/a><\/li><li><a rel=\"noreferrer noopener\" href=\"http:\/\/sitetab3.ac-reims.fr\/lp-emile-baudot\/-wp-\/wp-content\/uploads\/PFMP-Sarrebruck.pdf\" target=\"_blank\">Six \u00e9l\u00e8ves de 1BPMS en PFMP mobilit\u00e9 \u00e0 Sarrebruck<\/a><\/li><li><a rel=\"noreferrer noopener\" href=\"http:\/\/sitetab3.ac-reims.fr\/lp-emile-baudot\/-wp-\/wp-content\/uploads\/Cour-dassises.pdf\" target=\"_blank\">Les \u00e9l\u00e8ves de 1BPMRC et les \u00e9tudiants de BTS MOS ont assist\u00e9 \u00e0 la premi\u00e8re journ\u00e9e d&rsquo;un proc\u00e8s en cour d&rsquo;assises<\/a><\/li><\/ul>\n\n\n\n<h3 class=\"wp-block-heading\">Mars 2024<\/h3>\n\n\n\n<ul><li><a href=\"http:\/\/sitetab3.ac-reims.fr\/lp-emile-baudot\/-wp-\/wp-content\/uploads\/Sortie-Troyes.pdf\" target=\"_blank\" rel=\"noreferrer noopener\">TBPMS ert 2BPMRC : sortie p\u00e9dagogique \u00e0 Troyes<\/a><\/li><li><a rel=\"noreferrer noopener\" href=\"http:\/\/sitetab3.ac-reims.fr\/lp-emile-baudot\/-wp-\/wp-content\/uploads\/Evaluations-des-lycees-de-lacademie-2024.pdf\" target=\"_blank\">Classement annuel des lyc\u00e9es de l&rsquo;Acad\u00e9mie de Reims. Le lyc\u00e9e professionnel Emile Baudot est class\u00e9 \u00ab\u00a0performant\u00a0\u00bb<\/a><\/li><\/ul>\n\n\n\n<h3 class=\"wp-block-heading\">F\u00e9vrier 2024<\/h3>\n\n\n\n<ul><li><a href=\"http:\/\/sitetab3.ac-reims.fr\/lp-emile-baudot\/-wp-\/wp-content\/uploads\/2BPMS-LPO.pdf\" target=\"_blank\" rel=\"noreferrer noopener\">Rencontre avec la LPO (Ligue de Protection des Oiseaux) pour les \u00e9l\u00e8ves de 2BPMS, la<strong> classe engag\u00e9e<\/strong><\/a><\/li><li><a rel=\"noreferrer noopener\" href=\"http:\/\/sitetab3.ac-reims.fr\/lp-emile-baudot\/-wp-\/wp-content\/uploads\/Portes-ouvertes-LP_.pdf\" target=\"_blank\">Portes ouvertes du LP Emile Baudot<\/a>&nbsp;<\/li><li><a rel=\"noreferrer noopener\" href=\"http:\/\/sitetab3.ac-reims.fr\/lp-emile-baudot\/-wp-\/wp-content\/uploads\/Forum-des-3emes.pdf\" target=\"_blank\">Forum de l&rsquo;orientation des 3\u00e8mes<\/a><\/li><\/ul>\n\n\n\n<h3 class=\"wp-block-heading\">Janvier 2024<\/h3>\n\n\n\n<ul><li><a href=\"http:\/\/sitetab3.ac-reims.fr\/lp-emile-baudot\/-wp-\/wp-content\/uploads\/Visite-Andra.pdf\" target=\"_blank\" rel=\"noreferrer noopener\">Visite de l&rsquo;Andra \u00e0 Bure des \u00e9tudiants de BTS MOS2<\/a><\/li><li><a rel=\"noreferrer noopener\" href=\"http:\/\/sitetab3.ac-reims.fr\/lp-emile-baudot\/-wp-\/wp-content\/uploads\/Forum-des-BTS.pdf\" target=\"_blank\">Pr\u00e9sentation du BTS MOS (Management <\/a><a href=\"http:\/\/sitetab3.ac-reims.fr\/lp-emile-baudot\/-wp-\/wp-content\/uploads\/Forum-des-BTS.pdf\">Organisationnel S\u00e9curit\u00e9) au Forum au lyc\u00e9e St-Exup\u00e9ry&nbsp;<\/a><\/li><li><a rel=\"noreferrer noopener\" href=\"http:\/\/sitetab3.ac-reims.fr\/lp-emile-baudot\/-wp-\/wp-content\/uploads\/1BPMCommerce-Chef-doeuvre.pdf\" target=\"_blank\">Les \u00e9l\u00e8ves de 1BPMCV Option Commerce r\u00e9alisent un chef-d\u2019\u0153uvre solidaire<\/a><\/li><\/ul>\n\n\n\n<h3 class=\"wp-block-heading\">D\u00e9cembre 2023<\/h3>\n\n\n\n<ul><li><a rel=\"noreferrer noopener\" href=\"http:\/\/sitetab3.ac-reims.fr\/lp-emile-baudot\/-wp-\/wp-content\/uploads\/Blackandwhite.pdf\" target=\"_blank\">Une action gourmande en black and white<\/a><\/li><li><a rel=\"noreferrer noopener\" href=\"http:\/\/sitetab3.ac-reims.fr\/lp-emile-baudot\/-wp-\/wp-content\/uploads\/Arbre-Laicite_page-0001.pdf\" target=\"_blank\">C\u00e9r\u00e9monie de l&rsquo;Arbre de la la\u00efcit\u00e9<\/a> + <a rel=\"noreferrer noopener\" href=\"http:\/\/sitetab3.ac-reims.fr\/lp-emile-baudot\/-wp-\/wp-content\/uploads\/Flyer-Arbre-de-la-laicite.pdf\" target=\"_blank\">Flyer r\u00e9alis\u00e9 par les \u00e9l\u00e8ves de 2BPMS, la <strong>classe engag\u00e9e<\/strong><\/a><\/li><\/ul>\n\n\n\n<h3 class=\"wp-block-heading\">Novembre 2023<\/h3>\n\n\n\n<ul><li><a href=\"http:\/\/sitetab3.ac-reims.fr\/lp-emile-baudot\/-wp-\/wp-content\/uploads\/LP-a-lAFPAN_page-0001.pdf\" target=\"_blank\" rel=\"noreferrer noopener\">Les \u00e9l\u00e8ves de commerce\/vente et de s\u00e9curit\u00e9 sur le terrain au Festival de la photographie \u00e0 Montier en Der<\/a><\/li><li><a href=\"http:\/\/sitetab3.ac-reims.fr\/lp-emile-baudot\/-wp-\/wp-content\/uploads\/Peace-and-Lobe_page-0001.pdf\" target=\"_blank\" rel=\"noreferrer noopener\">Peace and Lobe, un concert p\u00e9dagogique sur les risques du bruit pour les \u00e9l\u00e8ves de CAP<\/a><\/li><li><a href=\"http:\/\/sitetab3.ac-reims.fr\/lp-emile-baudot\/-wp-\/wp-content\/uploads\/Article-JHM-Patrimoine-historique.pdf\" target=\"_blank\" rel=\"noreferrer noopener\">Les \u00e9l\u00e8ves de 3\u00e8me pr\u00e9pa-m\u00e9tiers et 1\u00e8res CAP \u00e0 la rencontre du patrimoine historique du Grand-Est<\/a><\/li><\/ul>\n\n\n\n<h3 class=\"wp-block-heading\">Octobre 2023<\/h3>\n\n\n\n<ul><li><a href=\"http:\/\/sitetab3.ac-reims.fr\/lp-emile-baudot\/-wp-\/wp-content\/uploads\/Atelierslam.pdf\" target=\"_blank\" rel=\"noreferrer noopener\">Les \u00e9l\u00e8ves de 2ndes Bac pro travaillent l&rsquo;\u00e9loquence en atelier slam<\/a><\/li><\/ul>\n\n\n\n<h3 class=\"wp-block-heading\">Septembre 2023<\/h3>\n\n\n\n<ul><li><a href=\"http:\/\/sitetab3.ac-reims.fr\/lp-emile-baudot\/-wp-\/wp-content\/uploads\/Journee-europeenne-des-langues.pdf\" target=\"_blank\" rel=\"noreferrer noopener\">C\u00e9l\u00e9bration de la Journ\u00e9e europ\u00e9enne des langues<\/a><\/li><li><a href=\"http:\/\/sitetab3.ac-reims.fr\/lp-emile-baudot\/-wp-\/wp-content\/uploads\/Objectif-eco-citoyennete-pour-les-lyceens.pdf\" target=\"_blank\" rel=\"noreferrer noopener\">Remise des prix du concours photographique naturaliste : objectif \u00e9co-citoyen<\/a><\/li><li><a href=\"http:\/\/sitetab3.ac-reims.fr\/lp-emile-baudot\/-wp-\/wp-content\/uploads\/Rentree-2023-LPBaudot.pdf\" target=\"_blank\" rel=\"noreferrer noopener\">Rentr\u00e9e 2023<\/a><\/li><\/ul>\n\n\n\n<p><\/p>\n","protected":false},"excerpt":{"rendered":"<p>Juillet 2024 Soir\u00e9e partenariale au LP Emile Baudot Juin 2024 Six \u00e9l\u00e8ves de 1BPMCV en PFMP mobilit\u00e9 \u00e0 Malte Vendredi 7 juin : Apr\u00e8s-midi festif au lyc\u00e9e Emile Baudot Les \u00e9l\u00e8ves de la classe engag\u00e9e (2 BPMS) et de T ATMFC en sortie \u00e0 Paris : ravivage de la flamme sur la tombe du soldat [&hellip;]<\/p>\n","protected":false},"author":9,"featured_media":0,"parent":1226,"menu_order":0,"comment_status":"closed","ping_status":"closed","template":"","meta":{"ngg_post_thumbnail":0,"footnotes":""},"_links":{"self":[{"href":"https:\/\/sitetab3.ac-reims.fr\/lp-emile-baudot\/-wp-\/wp-json\/wp\/v2\/pages\/1679"}],"collection":[{"href":"https:\/\/sitetab3.ac-reims.fr\/lp-emile-baudot\/-wp-\/wp-json\/wp\/v2\/pages"}],"about":[{"href":"https:\/\/sitetab3.ac-reims.fr\/lp-emile-baudot\/-wp-\/wp-json\/wp\/v2\/types\/page"}],"author":[{"embeddable":true,"href":"https:\/\/sitetab3.ac-reims.fr\/lp-emile-baudot\/-wp-\/wp-json\/wp\/v2\/users\/9"}],"replies":[{"embeddable":true,"href":"https:\/\/sitetab3.ac-reims.fr\/lp-emile-baudot\/-wp-\/wp-json\/wp\/v2\/comments?post=1679"}],"version-history":[{"count":33,"href":"https:\/\/sitetab3.ac-reims.fr\/lp-emile-baudot\/-wp-\/wp-json\/wp\/v2\/pages\/1679\/revisions"}],"predecessor-version":[{"id":2277,"href":"https:\/\/sitetab3.ac-reims.fr\/lp-emile-baudot\/-wp-\/wp-json\/wp\/v2\/pages\/1679\/revisions\/2277"}],"up":[{"embeddable":true,"href":"https:\/\/sitetab3.ac-reims.fr\/lp-emile-baudot\/-wp-\/wp-json\/wp\/v2\/pages\/1226"}],"wp:attachment":[{"href":"https:\/\/sitetab3.ac-reims.fr\/lp-emile-baudot\/-wp-\/wp-json\/wp\/v2\/media?parent=1679"}],"curies":[{"name":"wp","href":"https:\/\/api.w.org\/{rel}","templated":true}]}}