{"id":1764,"date":"2024-01-23T17:13:04","date_gmt":"2024-01-23T16:13:04","guid":{"rendered":"https:\/\/sitetab3.ac-reims.fr\/lp-emile-baudot\/-wp-\/?page_id=1764"},"modified":"2025-11-26T12:35:28","modified_gmt":"2025-11-26T11:35:28","slug":"articles-de-presse-2022-2023","status":"publish","type":"page","link":"https:\/\/sitetab3.ac-reims.fr\/lp-emile-baudot\/-wp-\/articles-de-presse\/archives\/articles-de-presse-2022-2023\/","title":{"rendered":"Articles de presse 2022-2023"},"content":{"rendered":"\n<h3 class=\"wp-block-heading\">Juin 2023<\/h3>\n\n\n\n<ul><li><a href=\"http:\/\/sitetab3.ac-reims.fr\/lp-emile-baudot\/-wp-\/wp-content\/uploads\/Collectedebouchons.pdf\" target=\"_blank\" rel=\"noreferrer noopener\">Les \u00e9co-d\u00e9l\u00e9gu\u00e9s en action : collecte de bouchons en plastique<\/a><\/li><\/ul>\n\n\n\n<p><\/p>\n\n\n\n<h3 class=\"wp-block-heading\">Mai 2023<\/h3>\n\n\n\n<ul><li><a rel=\"noreferrer noopener\" href=\"http:\/\/sitetab3.ac-reims.fr\/lp-emile-baudot\/-wp-\/wp-content\/uploads\/Sortienaturaliste.pdf\" target=\"_blank\">Sortie naturaliste \u00e0 la Digue de Wassy<\/a><\/li><li><a rel=\"noreferrer noopener\" href=\"http:\/\/sitetab3.ac-reims.fr\/lp-emile-baudot\/-wp-\/wp-content\/uploads\/Struthof_.pdf\" data-type=\"URL\" data-id=\"http:\/\/sitetab3.ac-reims.fr\/lp-emile-baudot\/-wp-\/wp-content\/uploads\/Struthof_.pdf\" target=\"_blank\">Devoir de m\u00e9moire : visite du camp de concentration du Struthof<\/a><\/li><\/ul>\n\n\n\n<p><\/p>\n\n\n\n<h3 class=\"wp-block-heading\">Avril 2023<\/h3>\n\n\n\n<ul><li><a rel=\"noreferrer noopener\" href=\"http:\/\/sitetab3.ac-reims.fr\/lp-emile-baudot\/-wp-\/wp-content\/uploads\/EntretienprofessionnelTBPMCV.pdf\" target=\"_blank\">TBPMCV : mise en situation d&rsquo;entretien d&#8217;embauche<\/a><\/li><\/ul>\n\n\n\n<p><\/p>\n\n\n\n<h3 class=\"wp-block-heading\">Mars 2023<\/h3>\n\n\n\n<ul><li><a rel=\"noreferrer noopener\" href=\"http:\/\/sitetab3.ac-reims.fr\/lp-emile-baudot\/-wp-\/wp-content\/uploads\/Cinejustice-2023_2.pdf\" target=\"_blank\">Participation des \u00e9l\u00e8ves de terminales Bac pro et des \u00e9tudiants de BTS MOS \u00e0 Cin\u00e9justice : \u00ab\u00a0Justice et v\u00e9rit\u00e9\u00a0\u00bb<\/a><\/li><li><a rel=\"noreferrer noopener\" href=\"http:\/\/sitetab3.ac-reims.fr\/lp-emile-baudot\/-wp-\/wp-content\/uploads\/1eresbacpro-Constitution-dun-jury-dassises_page-0001.pdf\" target=\"_blank\">Les \u00e9l\u00e8ves de 1\u00e8res Bac pro \u00e0 la rencontre du syst\u00e8me judiciaire<\/a><\/li><li><a rel=\"noreferrer noopener\" href=\"http:\/\/sitetab3.ac-reims.fr\/lp-emile-baudot\/-wp-\/wp-content\/uploads\/Rencontre-de-Julia-Billet.pdf\" target=\"_blank\">Rencontre avec l&rsquo;autrice Julia Billet pour le livre Un air de voyage<\/a><\/li><li><a rel=\"noreferrer noopener\" href=\"http:\/\/sitetab3.ac-reims.fr\/lp-emile-baudot\/-wp-\/wp-content\/uploads\/Sexe-amour-et-cornichons_page-0001.pdf\" target=\"_blank\">Accueil de la compagnie Azimuts pour le spectacle\/d\u00e9bat \u00ab\u00a0Sexe, amour et cornichons\u00a0\u00bb pour aborder l&rsquo;\u00e9ducation \u00e0 la sexualit\u00e9<\/a><\/li><li><a href=\"http:\/\/sitetab3.ac-reims.fr\/lp-emile-baudot\/-wp-\/wp-content\/uploads\/Semaine-dediee-a-laudition.pdf\" target=\"_blank\" rel=\"noreferrer noopener\">Sensibilisation \u00e0 l&rsquo;audition au LP <\/a><\/li><\/ul>\n\n\n\n<p><\/p>\n\n\n\n<h3 class=\"wp-block-heading\">F\u00e9vrier 2023<\/h3>\n\n\n\n<ul><li><a rel=\"noreferrer noopener\" href=\"http:\/\/sitetab3.ac-reims.fr\/lp-emile-baudot\/-wp-\/wp-content\/uploads\/Pot-de-depart-Erasmus_page-0001.pdf\" target=\"_blank\">Erasmus+ : d\u00e9part pour Dublin et Sarrebruck<\/a><\/li><li><a rel=\"noreferrer noopener\" href=\"http:\/\/sitetab3.ac-reims.fr\/lp-emile-baudot\/-wp-\/wp-content\/uploads\/Jeudi-9-fevrier-2023.pdf_1.pdf\" target=\"_blank\">Jeudi 9 f\u00e9vrier, journ\u00e9e riche en \u00e9v\u00e9nements au LP : un repas \u00ab\u00a0Agissons pour la plan\u00e8te\u00a0\u00bb (TCAP ATFMC) et un exercice d&rsquo;\u00e9vacuation grandeur nature (TBPMS s\u00fbret\u00e9 incendie)<\/a><\/li><li><a href=\"http:\/\/sitetab3.ac-reims.fr\/lp-emile-baudot\/-wp-\/wp-content\/uploads\/TBPMRC-Parcoursup.pdf\" target=\"_blank\" rel=\"noreferrer noopener\">TBPMCV : leur orientation post-bac<\/a><\/li><\/ul>\n\n\n\n<p><\/p>\n\n\n\n<h3 class=\"wp-block-heading\">D\u00e9cembre 2022<\/h3>\n\n\n\n<ul><li><a rel=\"noreferrer noopener\" href=\"http:\/\/sitetab3.ac-reims.fr\/lp-emile-baudot\/-wp-\/wp-content\/uploads\/Queen-Blood.pdf\" target=\"_blank\">2ndes Bac pro : d\u00e9couverte de l&rsquo;univers de la House Dance et de la compagnie \u00ab\u00a0Paradox-Sal\u00a0\u00bb avec le spectacle \u00ab\u00a0Queen Blood\u00a0\u00bb<\/a><\/li><\/ul>\n\n\n\n<p><\/p>\n\n\n\n<h3 class=\"wp-block-heading\">Novembre 2022<\/h3>\n\n\n\n<ul><li><a rel=\"noreferrer noopener\" href=\"http:\/\/sitetab3.ac-reims.fr\/lp-emile-baudot\/-wp-\/wp-content\/uploads\/TATMFC-Chef-doeuvre-semaine-de-reduction-des-dechets.pdf\" target=\"_blank\">Les \u00e9l\u00e8ves de TCAP ATMFC s&rsquo;engagent pour la semaine de r\u00e9duction des d\u00e9chets<\/a><\/li><li><a rel=\"noreferrer noopener\" href=\"http:\/\/sitetab3.ac-reims.fr\/lp-emile-baudot\/-wp-\/wp-content\/uploads\/Festival-photos-situations-pros.pdf\" target=\"_blank\">Les \u00e9l\u00e8ves de Commerce-vente et de S\u00e9curit\u00e9 en situation professionnelle au Festival de la photographie de Montier en Der<\/a><\/li><li><a href=\"http:\/\/sitetab3.ac-reims.fr\/lp-emile-baudot\/-wp-\/wp-content\/uploads\/TBPMRC-Chef-doeuvre.pdf\" target=\"_blank\" rel=\"noreferrer noopener\">TBPMCV : cr\u00e9ation d&rsquo;un jeu dans le cadre du chef-d&rsquo;oeuvre<\/a><\/li><\/ul>\n\n\n\n<p><\/p>\n\n\n\n<h3 class=\"wp-block-heading\">Octobre 2022<\/h3>\n\n\n\n<ul><li><a rel=\"noreferrer noopener\" href=\"http:\/\/sitetab3.ac-reims.fr\/lp-emile-baudot\/-wp-\/wp-content\/uploads\/2BPMRC-rencontres-pro-avant-le-stage.pdf\" target=\"_blank\">Une semaine riche en rencontres professionnelles pour les \u00e9l\u00e8ves de 2BPMRC<\/a><\/li><li><a rel=\"noreferrer noopener\" href=\"http:\/\/sitetab3.ac-reims.fr\/lp-emile-baudot\/-wp-\/wp-content\/uploads\/BTS-Douanes.pdf\" target=\"_blank\">Les \u00e9tudiants de BTS MOS rencontrent le service des douanes<\/a><\/li><li><a rel=\"noreferrer noopener\" href=\"http:\/\/sitetab3.ac-reims.fr\/lp-emile-baudot\/-wp-\/wp-content\/uploads\/BTS-a-Clairvaux.pdf\" target=\"_blank\">Les \u00e9tudiants de BTS MOS2 en visite \u00e0 Clairvaux<\/a><\/li><li><a rel=\"noreferrer noopener\" href=\"http:\/\/sitetab3.ac-reims.fr\/lp-emile-baudot\/-wp-\/wp-content\/uploads\/TATMFC-Chef-doeuvre-semaine-du-gout.pdf\" target=\"_blank\">Les \u00e9l\u00e8ves de TCAP ATMFC f\u00eatent la semaine du go\u00fbt<\/a><\/li><li><a href=\"http:\/\/sitetab3.ac-reims.fr\/lp-emile-baudot\/-wp-\/wp-content\/uploads\/Prepa-Festival-de-la-photo.pdf\" target=\"_blank\" rel=\"noreferrer noopener\">Les \u00e9l\u00e8ves de Bac pro pr\u00e9parent leur participation au Festival de la photographie de Montier en Der<\/a><\/li><li><a href=\"http:\/\/sitetab3.ac-reims.fr\/lp-emile-baudot\/-wp-\/wp-content\/uploads\/Octobre-rose-au-LP.pdf\" target=\"_blank\" rel=\"noreferrer noopener\">Octobre rose au LP Emile Baudot<\/a><\/li><\/ul>\n\n\n\n<p><\/p>\n\n\n\n<h3 class=\"wp-block-heading\">Septembre 2022<\/h3>\n\n\n\n<ul><li><a href=\"http:\/\/sitetab3.ac-reims.fr\/lp-emile-baudot\/-wp-\/wp-content\/uploads\/Salon-Berlin.pdf\" target=\"_blank\" rel=\"noreferrer noopener\">Les \u00e9l\u00e8ves de Bac pro Sp\u00e9cialit\u00e9 Vente au Salon InnoTrans \u00e0 Berlin<\/a><\/li><li><a href=\"http:\/\/sitetab3.ac-reims.fr\/lp-emile-baudot\/-wp-\/wp-content\/uploads\/BPMRC-BERLIN.pdf\" target=\"_blank\" rel=\"noreferrer noopener\">Les \u00e9l\u00e8ves de BPMCV en voyage \u00e0 Berlin<\/a><\/li><li><a href=\"http:\/\/sitetab3.ac-reims.fr\/lp-emile-baudot\/-wp-\/wp-content\/uploads\/Foire-de-Chalons.pdf\" target=\"_blank\" rel=\"noreferrer noopener\">Les \u00e9l\u00e8ves de 2BPMRC et de 1BPMCV en immersion \u00e0 la Foire de Ch\u00e2lons-en-Champagne<\/a><\/li><li><a href=\"http:\/\/sitetab3.ac-reims.fr\/lp-emile-baudot\/-wp-\/wp-content\/uploads\/Rentree-2022.pdf\" target=\"_blank\" rel=\"noreferrer noopener\">Rentr\u00e9e 2022 des personnels du LP<\/a><\/li><\/ul>\n\n\n\n<p><\/p>\n","protected":false},"excerpt":{"rendered":"<p>Juin 2023 Les \u00e9co-d\u00e9l\u00e9gu\u00e9s en action : collecte de bouchons en plastique Mai 2023 Sortie naturaliste \u00e0 la Digue de Wassy Devoir de m\u00e9moire : visite du camp de concentration du Struthof Avril 2023 TBPMCV : mise en situation d&rsquo;entretien d&#8217;embauche Mars 2023 Participation des \u00e9l\u00e8ves de terminales Bac pro et des \u00e9tudiants de BTS [&hellip;]<\/p>\n","protected":false},"author":9,"featured_media":0,"parent":1620,"menu_order":1,"comment_status":"closed","ping_status":"closed","template":"","meta":{"ngg_post_thumbnail":0,"footnotes":""},"_links":{"self":[{"href":"https:\/\/sitetab3.ac-reims.fr\/lp-emile-baudot\/-wp-\/wp-json\/wp\/v2\/pages\/1764"}],"collection":[{"href":"https:\/\/sitetab3.ac-reims.fr\/lp-emile-baudot\/-wp-\/wp-json\/wp\/v2\/pages"}],"about":[{"href":"https:\/\/sitetab3.ac-reims.fr\/lp-emile-baudot\/-wp-\/wp-json\/wp\/v2\/types\/page"}],"author":[{"embeddable":true,"href":"https:\/\/sitetab3.ac-reims.fr\/lp-emile-baudot\/-wp-\/wp-json\/wp\/v2\/users\/9"}],"replies":[{"embeddable":true,"href":"https:\/\/sitetab3.ac-reims.fr\/lp-emile-baudot\/-wp-\/wp-json\/wp\/v2\/comments?post=1764"}],"version-history":[{"count":15,"href":"https:\/\/sitetab3.ac-reims.fr\/lp-emile-baudot\/-wp-\/wp-json\/wp\/v2\/pages\/1764\/revisions"}],"predecessor-version":[{"id":1853,"href":"https:\/\/sitetab3.ac-reims.fr\/lp-emile-baudot\/-wp-\/wp-json\/wp\/v2\/pages\/1764\/revisions\/1853"}],"up":[{"embeddable":true,"href":"https:\/\/sitetab3.ac-reims.fr\/lp-emile-baudot\/-wp-\/wp-json\/wp\/v2\/pages\/1620"}],"wp:attachment":[{"href":"https:\/\/sitetab3.ac-reims.fr\/lp-emile-baudot\/-wp-\/wp-json\/wp\/v2\/media?parent=1764"}],"curies":[{"name":"wp","href":"https:\/\/api.w.org\/{rel}","templated":true}]}}