{"id":1941,"date":"2024-02-17T13:53:24","date_gmt":"2024-02-17T12:53:24","guid":{"rendered":"https:\/\/sitetab3.ac-reims.fr\/lp-emile-baudot\/-wp-\/?page_id=1941"},"modified":"2025-04-29T15:50:54","modified_gmt":"2025-04-29T13:50:54","slug":"2023-2024-actions-culturelles-citoyennes-et-pedagogiques","status":"publish","type":"page","link":"https:\/\/sitetab3.ac-reims.fr\/lp-emile-baudot\/-wp-\/vie-de-letablissement\/actions-culturelles-citoyennes-et-pedagogiques-2\/2023-2024-actions-culturelles-citoyennes-et-pedagogiques\/","title":{"rendered":"Actions culturelles, citoyennes et p\u00e9dagogiques 2023-2024"},"content":{"rendered":"\n<h3 class=\"wp-block-heading\">Mai 2024<\/h3>\n\n\n\n<ul><li><a href=\"https:\/\/sitetab3.ac-reims.fr\/lp-emile-baudot\/-wp-\/une-sortie-a-paris\/\" target=\"_blank\" rel=\"noreferrer noopener\">Classe engag\u00e9e : c\u00e9r\u00e9monie de ravivage de la flamme sur la tombe du soldat inconnu<\/a><\/li><\/ul>\n\n\n\n<p><\/p>\n\n\n\n<h3 class=\"wp-block-heading\">Avril 2024<\/h3>\n\n\n\n<ul><li><a rel=\"noreferrer noopener\" href=\"https:\/\/sitetab3.ac-reims.fr\/lp-emile-baudot\/-wp-\/rencontre-dauteur-fabienne-swiatly\/\" target=\"_blank\">Rencontre d&rsquo;auteur : Fabienne Swiatly et son roman Sa\u00efd<\/a><\/li><li><a rel=\"noreferrer noopener\" href=\"https:\/\/sitetab3.ac-reims.fr\/lp-emile-baudot\/-wp-\/une-journee-en-cour-dassises\/\" target=\"_blank\">Une journ\u00e9e en cour d&rsquo;assises : 1BPMCV et BTS MOS1<\/a> <\/li><\/ul>\n\n\n\n<p><\/p>\n\n\n\n<h3 class=\"wp-block-heading\">Mars 2024<\/h3>\n\n\n\n<ul><li><a href=\"https:\/\/sitetab3.ac-reims.fr\/lp-emile-baudot\/-wp-\/cinejustice-justice-et-reparation\/\" target=\"_blank\" rel=\"noreferrer noopener\">Participation des TBPMS et des BTS MOS 1 et 2 au dispositif Cin\u00e9justice : \u00ab\u00a0Justice et R\u00e9paration\u00a0\u00bb<\/a><\/li><li><a rel=\"noreferrer noopener\" href=\"https:\/\/sitetab3.ac-reims.fr\/lp-emile-baudot\/-wp-\/sorties-pedagogiques-a-troyes\/\" target=\"_blank\">Sorties p\u00e9dagogiques \u00e0 Troyes : 2BPMRC et TBPMS<\/a><\/li><li><a rel=\"noreferrer noopener\" href=\"https:\/\/sitetab3.ac-reims.fr\/lp-emile-baudot\/-wp-\/classe-engagee-participation-au-snu\/\" target=\"_blank\">Classe engag\u00e9e : participation au SNU<\/a><\/li><li><a rel=\"noreferrer noopener\" href=\"https:\/\/sitetab3.ac-reims.fr\/lp-emile-baudot\/-wp-\/mars-au-cdi-semaine-des-langues-semaine-de-la-presse-et-des-medias-a-lecole\/\" target=\"_blank\">Au CDI : Semaine des langues + Semaine de la presse et des m\u00e9dias \u00e0 l&rsquo;\u00e9cole<\/a><\/li><\/ul>\n\n\n\n<p><\/p>\n\n\n\n<h3 class=\"wp-block-heading\">F\u00e9vrier 2024<\/h3>\n\n\n\n<ul><li><a rel=\"noreferrer noopener\" href=\"https:\/\/sitetab3.ac-reims.fr\/lp-emile-baudot\/-wp-\/classe-engagee-rencontre-avec-la-lpo\/\" target=\"_blank\">Classe engag\u00e9e : rencontre avec la LPO<\/a><\/li><\/ul>\n\n\n\n<p><\/p>\n\n\n\n<h3 class=\"wp-block-heading\">D\u00e9cembre 2023<\/h3>\n\n\n\n<ul><li><a rel=\"noreferrer noopener\" href=\"https:\/\/sitetab3.ac-reims.fr\/lp-emile-baudot\/-wp-\/sexe-amour-et-cornichons-theatre-et-debat\/\" target=\"_blank\">\u00ab\u00a0Sexe, amour et cornichons\u00a0\u00bb : sensibilisation \u00e0 l&rsquo;\u00e9ducation \u00e0 la sexualit\u00e9 par le th\u00e9\u00e2tre et le d\u00e9bat<\/a><\/li><li><a href=\"https:\/\/sitetab3.ac-reims.fr\/lp-emile-baudot\/-wp-\/wp-content\/uploads\/Arbre-Laicite_page-0001.pdf\">C\u00e9r\u00e9monie de l&rsquo;arbre de la la\u00efcit\u00e9 : action commune aux \u00e9tablissements de Wassy<\/a> Classe engag\u00e9e investie<\/li><li><a rel=\"noreferrer noopener\" href=\"https:\/\/sitetab3.ac-reims.fr\/lp-emile-baudot\/-wp-\/wp-content\/uploads\/Blackandwhite.pdf\" target=\"_blank\">Une action gourmande en Black and White <\/a><\/li><\/ul>\n\n\n\n<p><\/p>\n\n\n\n<h3 class=\"wp-block-heading\">Novembre 2023<\/h3>\n\n\n\n<ul><li><a rel=\"noreferrer noopener\" href=\"https:\/\/sitetab3.ac-reims.fr\/lp-emile-baudot\/-wp-\/visite-de-metallurgic-park\/\" target=\"_blank\">Metallurgic Park : visite et d\u00e9couverte du patrimoine industriel local<\/a><\/li><li><a rel=\"noreferrer noopener\" href=\"https:\/\/sitetab3.ac-reims.fr\/lp-emile-baudot\/-wp-\/visite-du-centre-dinterpretation-de-suippes-et-des-tranchees-de-la-main-de-massiges\/\" target=\"_blank\">Suippes et Main de Massiges : visite guid\u00e9e d&rsquo;un mus\u00e9e sur la premi\u00e8re guerre mondiale et de tranch\u00e9es dans le cadre du Devoir de m\u00e9moire<\/a><\/li><li><a rel=\"noreferrer noopener\" href=\"https:\/\/sitetab3.ac-reims.fr\/lp-emile-baudot\/-wp-\/wp-content\/uploads\/Peace-and-Lobe_page-0001.pdf\" target=\"_blank\">Concert Peace and Lobe<\/a><\/li><li><a href=\"https:\/\/sitetab3.ac-reims.fr\/lp-emile-baudot\/-wp-\/non-au-harcelement\/\" target=\"_blank\" rel=\"noreferrer noopener\">Non au harc\u00e8lement : Sensibilisation \u00e0 la lutte contre le harc\u00e8lement<\/a><\/li><\/ul>\n\n\n\n<p><\/p>\n\n\n\n<h3 class=\"wp-block-heading\">Octobre 2023<\/h3>\n\n\n\n<ul><li><a rel=\"noreferrer noopener\" href=\"https:\/\/sitetab3.ac-reims.fr\/lp-emile-baudot\/-wp-\/slam-ateliers-decriture-et-dinterpretation\/\" target=\"_blank\">Ateliers Slam : d\u00e9couverte<\/a><\/li><li><a rel=\"noreferrer noopener\" href=\"https:\/\/sitetab3.ac-reims.fr\/lp-emile-baudot\/-wp-\/theatre-les-fourberies-de-scapin\/\" target=\"_blank\">Th\u00e9\u00e2tre : Les fourberies de Scapin<\/a><\/li><li><a rel=\"noreferrer noopener\" href=\"https:\/\/sitetab3.ac-reims.fr\/lp-emile-baudot\/-wp-\/octobre-rose\/\" target=\"_blank\">Octobre rose : sensibilisation \u00e0 la lutte contre le cancer du sein<\/a><\/li><\/ul>\n\n\n\n<p><\/p>\n\n\n\n<h3 class=\"wp-block-heading\">Septembre 2023<\/h3>\n\n\n\n<ul><li><a rel=\"noreferrer noopener\" href=\"https:\/\/sitetab3.ac-reims.fr\/lp-emile-baudot\/-wp-\/wp-content\/uploads\/Journee-europeenne-des-langues.pdf\" target=\"_blank\">Journ\u00e9e europ\u00e9enne des langues<\/a><\/li><\/ul>\n\n\n\n<p><\/p>\n","protected":false},"excerpt":{"rendered":"<p>Mai 2024 Classe engag\u00e9e : c\u00e9r\u00e9monie de ravivage de la flamme sur la tombe du soldat inconnu Avril 2024 Rencontre d&rsquo;auteur : Fabienne Swiatly et son roman Sa\u00efd Une journ\u00e9e en cour d&rsquo;assises : 1BPMCV et BTS MOS1 Mars 2024 Participation des TBPMS et des BTS MOS 1 et 2 au dispositif Cin\u00e9justice : \u00ab\u00a0Justice [&hellip;]<\/p>\n","protected":false},"author":9,"featured_media":0,"parent":2453,"menu_order":1,"comment_status":"closed","ping_status":"closed","template":"","meta":{"ngg_post_thumbnail":0,"footnotes":""},"_links":{"self":[{"href":"https:\/\/sitetab3.ac-reims.fr\/lp-emile-baudot\/-wp-\/wp-json\/wp\/v2\/pages\/1941"}],"collection":[{"href":"https:\/\/sitetab3.ac-reims.fr\/lp-emile-baudot\/-wp-\/wp-json\/wp\/v2\/pages"}],"about":[{"href":"https:\/\/sitetab3.ac-reims.fr\/lp-emile-baudot\/-wp-\/wp-json\/wp\/v2\/types\/page"}],"author":[{"embeddable":true,"href":"https:\/\/sitetab3.ac-reims.fr\/lp-emile-baudot\/-wp-\/wp-json\/wp\/v2\/users\/9"}],"replies":[{"embeddable":true,"href":"https:\/\/sitetab3.ac-reims.fr\/lp-emile-baudot\/-wp-\/wp-json\/wp\/v2\/comments?post=1941"}],"version-history":[{"count":24,"href":"https:\/\/sitetab3.ac-reims.fr\/lp-emile-baudot\/-wp-\/wp-json\/wp\/v2\/pages\/1941\/revisions"}],"predecessor-version":[{"id":2478,"href":"https:\/\/sitetab3.ac-reims.fr\/lp-emile-baudot\/-wp-\/wp-json\/wp\/v2\/pages\/1941\/revisions\/2478"}],"up":[{"embeddable":true,"href":"https:\/\/sitetab3.ac-reims.fr\/lp-emile-baudot\/-wp-\/wp-json\/wp\/v2\/pages\/2453"}],"wp:attachment":[{"href":"https:\/\/sitetab3.ac-reims.fr\/lp-emile-baudot\/-wp-\/wp-json\/wp\/v2\/media?parent=1941"}],"curies":[{"name":"wp","href":"https:\/\/api.w.org\/{rel}","templated":true}]}}