{"id":2453,"date":"2024-09-24T15:26:03","date_gmt":"2024-09-24T13:26:03","guid":{"rendered":"https:\/\/sitetab3.ac-reims.fr\/lp-emile-baudot\/-wp-\/?page_id=2453"},"modified":"2026-04-29T09:59:56","modified_gmt":"2026-04-29T07:59:56","slug":"actions-culturelles-citoyennes-et-pedagogiques-2","status":"publish","type":"page","link":"https:\/\/sitetab3.ac-reims.fr\/lp-emile-baudot\/-wp-\/vie-de-letablissement\/actions-culturelles-citoyennes-et-pedagogiques-2\/","title":{"rendered":"Actions culturelles, citoyennes et p\u00e9dagogiques"},"content":{"rendered":"\n<h3 class=\"wp-block-heading\">F\u00e9vrier 2026<\/h3>\n\n\n\n<ul>\n<li><a href=\"https:\/\/sitetab3.ac-reims.fr\/lp-emile-baudot\/-wp-\/a-la-decouverte-du-fonctionnement-dune-cour-dassises\/\" target=\"_blank\" rel=\"noreferrer noopener\">A la d\u00e9couverte d&rsquo;une Cour d&rsquo;Assises &#8211; TCAP AS et 1BPMCV<\/a><\/li>\n<\/ul>\n\n\n\n<h3 class=\"wp-block-heading\">Janvier 2026<\/h3>\n\n\n\n<ul>\n<li><a href=\"https:\/\/sitetab3.ac-reims.fr\/lp-emile-baudot\/-wp-\/a-la-rencontre-de-lassociation-handichiens\/\" target=\"_blank\" rel=\"noreferrer noopener\">Rencontre avec l&rsquo;association Handi-chiens pour les CAP 2AGA<\/a><\/li>\n\n\n\n<li><a href=\"https:\/\/sitetab3.ac-reims.fr\/lp-emile-baudot\/-wp-\/cinema-en-vo-pour-les-1eres-bac-pro\/\" target=\"_blank\" rel=\"noreferrer noopener\">Cin\u00e9ma en anglais pour les 1\u00e8res bac pro &#8211; <em>Dracula<\/em> de Luc Besson<\/a><\/li>\n<\/ul>\n\n\n\n<h3 class=\"wp-block-heading\">Novembre 2025<\/h3>\n\n\n\n<ul>\n<li><a href=\"https:\/\/sitetab3.ac-reims.fr\/lp-emile-baudot\/-wp-\/les-eleves-de-cap-a-un-concert-pedagogique\/\" target=\"_blank\" rel=\"noreferrer noopener\">CAP 2AGA et CAP AS au concert du groupe FLRSN<\/a><\/li>\n\n\n\n<li><a href=\"https:\/\/sitetab3.ac-reims.fr\/lp-emile-baudot\/-wp-\/1cap-2aga-en-chef-doeuvre\/\" target=\"_blank\" rel=\"noreferrer noopener\">Chef-d\u2019\u0153uvre des 1CAP2AGA : \u00c9cole d&rsquo;aujourd&rsquo;hui et d&rsquo;autrefois<\/a><\/li>\n\n\n\n<li>Participation des \u00e9l\u00e8ves au Festival de la photographie de Montier en Der :\n<ul>\n<li><a href=\"http:\/\/sitetab3.ac-reims.fr\/lp-emile-baudot\/-wp-\/wp-content\/uploads\/Festival-1BPMCV.pdf\" target=\"_blank\" rel=\"noreferrer noopener\">1BPMCV<\/a><\/li>\n\n\n\n<li><a href=\"http:\/\/sitetab3.ac-reims.fr\/lp-emile-baudot\/-wp-\/wp-content\/uploads\/Festival-Securite.pdf\" target=\"_blank\" rel=\"noreferrer noopener\">1BPMS et TBPMS<\/a><\/li>\n<\/ul>\n<\/li>\n\n\n\n<li><a href=\"https:\/\/sitetab3.ac-reims.fr\/lp-emile-baudot\/-wp-\/3pm-devoir-de-memoire-avec-la-visite-du-centre-dinterpretation-marne-14-18-de-suippes-et-des-tranchees-de-la-main-de-massiges\/\" target=\"_blank\" rel=\"noreferrer noopener\">3PM : visite du Centre d&rsquo;Interpr\u00e9tation de Suippes et des tranch\u00e9es de la Main de Massiges dans le cadre du devoir de m\u00e9moire<\/a><\/li>\n\n\n\n<li><a href=\"https:\/\/sitetab3.ac-reims.fr\/lp-emile-baudot\/-wp-\/3pm-au-theatre\/\" target=\"_blank\" rel=\"noreferrer noopener\">3PM au th\u00e9\u00e2tre pour la pi\u00e8ce <em>Lumi\u00e8re !<\/em><\/a><\/li>\n<\/ul>\n\n\n\n<p><\/p>\n\n\n\n<h3 class=\"wp-block-heading\">Octobre 2025<\/h3>\n\n\n\n<ul>\n<li><a href=\"https:\/\/sitetab3.ac-reims.fr\/lp-emile-baudot\/-wp-\/3pm-une-eco-randonnee-dans-wassy\/\" target=\"_blank\" rel=\"noreferrer noopener\">3PM : une \u00e9co-randonn\u00e9e dans Wassy<\/a><\/li>\n<\/ul>\n\n\n\n<p><\/p>\n\n\n\n<h3 class=\"wp-block-heading\">Septembre 2025<\/h3>\n\n\n\n<ul>\n<li><a href=\"http:\/\/sitetab3.ac-reims.fr\/lp-emile-baudot\/-wp-\/wp-content\/uploads\/Forum-de-lengagement.pdf\" target=\"_blank\" rel=\"noreferrer noopener\">Semaines de l&rsquo;engagement : un forum organis\u00e9 \u00e0 destination des \u00e9l\u00e8ves du lyc\u00e9e professionnel<\/a><\/li>\n\n\n\n<li><a href=\"https:\/\/sitetab3.ac-reims.fr\/lp-emile-baudot\/-wp-\/3pm-rencontre-avec-ladasms-dans-le-cadre-de-la-dcp\/\" target=\"_blank\" rel=\"noreferrer noopener\">3PM : rencontre avec l&rsquo;ADASMS<\/a><\/li>\n\n\n\n<li><a href=\"https:\/\/sitetab3.ac-reims.fr\/lp-emile-baudot\/-wp-\/celebration-de-la-journee-europeenne-des-langues\/\" target=\"_blank\" rel=\"noreferrer noopener\">Journ\u00e9e europ\u00e9enne des langues c\u00e9l\u00e9br\u00e9es par les \u00e9l\u00e8ves de 1\u00e8res CAP et de 2ndes Bac pro<\/a><\/li>\n\n\n\n<li><a href=\"https:\/\/sitetab3.ac-reims.fr\/lp-emile-baudot\/-wp-\/devoir-de-memoire-visite-du-camp-de-concentration-du-struthof-2\/\" target=\"_blank\" rel=\"noreferrer noopener\">TBPMCV et TBPMS : visite du camp de concentration du Struthof dans le cadre du devoir de m\u00e9moire<\/a><\/li>\n\n\n\n<li><a href=\"https:\/\/sitetab3.ac-reims.fr\/lp-emile-baudot\/-wp-\/journee-du-sport-scolaire-initiation-au-karate\/\" target=\"_blank\" rel=\"noreferrer noopener\">Journ\u00e9e du sport scolaire : d\u00e9couverte de la pratique du karat\u00e9<\/a><\/li>\n<\/ul>\n\n\n<h3>&nbsp;<\/h3>\n<h3>Archives :<\/h3>\n\n\n<ul>\n<li><a href=\"https:\/\/sitetab3.ac-reims.fr\/lp-emile-baudot\/-wp-\/vie-de-letablissement\/actions-culturelles-citoyennes-et-pedagogiques-2\/actions-culturelles-citoyennes-et-pedagogiques-2024-2025\/\" target=\"_blank\" rel=\"noreferrer noopener\">2024-2025<\/a><\/li>\n\n\n\n<li><a href=\"https:\/\/sitetab3.ac-reims.fr\/lp-emile-baudot\/-wp-\/vie-de-letablissement\/actions-culturelles-citoyennes-et-pedagogiques-2\/2023-2024-actions-culturelles-citoyennes-et-pedagogiques\/\" target=\"_blank\" rel=\"noreferrer noopener\">2023-2024<\/a><\/li>\n<\/ul>\n\n\n\n<p><\/p>\n","protected":false},"excerpt":{"rendered":"<p>F\u00e9vrier 2026 Janvier 2026 Novembre 2025 Octobre 2025 Septembre 2025 &nbsp; Archives :<\/p>\n","protected":false},"author":9,"featured_media":0,"parent":1583,"menu_order":0,"comment_status":"closed","ping_status":"closed","template":"","meta":{"ngg_post_thumbnail":0,"footnotes":""},"_links":{"self":[{"href":"https:\/\/sitetab3.ac-reims.fr\/lp-emile-baudot\/-wp-\/wp-json\/wp\/v2\/pages\/2453"}],"collection":[{"href":"https:\/\/sitetab3.ac-reims.fr\/lp-emile-baudot\/-wp-\/wp-json\/wp\/v2\/pages"}],"about":[{"href":"https:\/\/sitetab3.ac-reims.fr\/lp-emile-baudot\/-wp-\/wp-json\/wp\/v2\/types\/page"}],"author":[{"embeddable":true,"href":"https:\/\/sitetab3.ac-reims.fr\/lp-emile-baudot\/-wp-\/wp-json\/wp\/v2\/users\/9"}],"replies":[{"embeddable":true,"href":"https:\/\/sitetab3.ac-reims.fr\/lp-emile-baudot\/-wp-\/wp-json\/wp\/v2\/comments?post=2453"}],"version-history":[{"count":33,"href":"https:\/\/sitetab3.ac-reims.fr\/lp-emile-baudot\/-wp-\/wp-json\/wp\/v2\/pages\/2453\/revisions"}],"predecessor-version":[{"id":3406,"href":"https:\/\/sitetab3.ac-reims.fr\/lp-emile-baudot\/-wp-\/wp-json\/wp\/v2\/pages\/2453\/revisions\/3406"}],"up":[{"embeddable":true,"href":"https:\/\/sitetab3.ac-reims.fr\/lp-emile-baudot\/-wp-\/wp-json\/wp\/v2\/pages\/1583"}],"wp:attachment":[{"href":"https:\/\/sitetab3.ac-reims.fr\/lp-emile-baudot\/-wp-\/wp-json\/wp\/v2\/media?parent=2453"}],"curies":[{"name":"wp","href":"https:\/\/api.w.org\/{rel}","templated":true}]}}